{"id":2209,"date":"2016-07-27T08:18:22","date_gmt":"2016-07-27T06:18:22","guid":{"rendered":"https:\/\/institutodentalinternacional.com\/tratamientos\/?lang=fr"},"modified":"2020-10-21T10:42:10","modified_gmt":"2020-10-21T08:42:10","slug":"traitements","status":"publish","type":"page","link":"https:\/\/institutodentalinternacional.com\/fr\/traitements\/","title":{"rendered":"Traitements"},"content":{"rendered":"<section class=\"section swatch-para-fondo-blanco  section-text-no-shadow section-inner-no-shadow section-normal section-opaque\"  data-label=\"\">\n            <div class=\"background-media lazyload\" style=\"background-image:inherit; background-repeat:no-repeat; background-size:cover; background-attachment:no-scroll; background-position: 50% 0%;\"  data-bg-image=\"url(&#039;https:\/\/institutodentalinternacional.com\/wp-content\/uploads\/2016\/07\/cabecera-tratamientos-scaled.jpg&#039;)\">\n                    <\/div>\n    \n    <div class=\"background-overlay grid-overlay-0 \" style=\"background-color: rgba(0,0,0,0);\"><\/div>\n\n    <div class=\"container\">\n        <div class=\"row vertical-top\">\n            <div class=\"col-md-12     text-center small-screen-default\"  ><div class=\"figure  element-short-top element-no-bottom image-filter-none image-filter-onhover fade-in text-center figcaption-middle normalwidth\" data-os-animation=\"none\" data-os-animation-delay=\"0s\">\n            <span class=\"figure-image\">\n    \n    <img decoding=\"async\" data-src=\"https:\/\/institutodentalinternacional.com\/wp-content\/uploads\/2016\/07\/implante-circulos-01-255x300.png\"   class=\"normalwidth lazyload\" src=\"data:image\/svg+xml;base64,PHN2ZyB3aWR0aD0iMSIgaGVpZ2h0PSIxIiB4bWxucz0iaHR0cDovL3d3dy53My5vcmcvMjAwMC9zdmciPjwvc3ZnPg==\" style=\"--smush-placeholder-width: 255px; --smush-placeholder-aspect-ratio: 255\/300;\" \/>    \n            <\/span>\n    \n<\/div><header class=\"text-default  element-short-top element-no-bottom not-condensed\" data-os-animation=\"none\" data-os-animation-delay=\"0s\" >\n    <h1 class=\"normal regular no-bordered-header bordered-normal\" >\n        Implants dentaires. Qualit\u00e9 maximum certifi\u00e9e.    <\/h1>\n    <\/header>\n<div class=\" element-short-top element-short-bottom\" data-os-animation=\"none\" data-os-animation-delay=\"0s\">\n    <p>Les implants dentaires sont des racines artificielles en titane qui sont ins\u00e8r\u00e9es dans l&rsquo;os du patient et servent de support aux proth\u00e8ses fixes. Les dents ont un aspect naturel et elles r\u00e9cup\u00e8rent les sensations de fermet\u00e9 et confort de nos propre dents.<\/p>\n<\/div><a href=\"\/fr\/implantologie\" class=\"btn btn-primary   btn-icon-left  element-short-top element-medium-bottom\" target= \"_self\" data-os-animation=\"none\" data-os-animation-delay=\"0s \"  >\n\tInformation sur les implants \t\t\t<span> <i class=\"fa fa-angle-right\"  data-animation=\"bounce\"  ><\/i> <\/span>\n\t<\/a>\n<\/div>        <\/div>\n    <\/div>\n<\/section>\n<section class=\"section swatch-bloque-fondo-gris  section-text-no-shadow section-inner-no-shadow section-normal section-opaque\" id=\"iconos-tratamientos\"  data-label=\"\">\n    \n    <div class=\"background-overlay grid-overlay-0 \" style=\"background-color: rgba(0,0,0,0);\"><\/div>\n\n    <div class=\"container\">\n        <div class=\"row vertical-top\">\n            <div class=\"col-md-12     text-default small-screen-default\"  ><div class=\"divider-wrapper\" style=\"visibility:hidden;background-color:\">\n    <div class=\"visible-xs\" style=\"height:24px;\"><\/div>\n    <div class=\"visible-sm\" style=\"height:24px;\"><\/div>\n    <div class=\"visible-md\" style=\"height:24px;\"><\/div>\n    <div class=\"visible-lg\" style=\"height:24px;\"><\/div>\n<\/div><div class=\"row \"><div class=\"col-md-2-4     text-center small-screen-default\"  ><div class=\"figure  element-short-top element-no-bottom image-filter-none image-filter-onhover fade-in text-center figcaption-middle normalwidth\" data-os-animation=\"none\" data-os-animation-delay=\"0s\">\n            <a href=\"#cirugia\" class=\"figure-image  image-all\" data-links=\"\" target=\"_self\">\n    \n    <img decoding=\"async\" data-src=\"https:\/\/institutodentalinternacional.com\/wp-content\/uploads\/2016\/07\/icono-tratamiento-cirugia-granate.png\"   class=\"normalwidth lazyload\" src=\"data:image\/svg+xml;base64,PHN2ZyB3aWR0aD0iMSIgaGVpZ2h0PSIxIiB4bWxucz0iaHR0cDovL3d3dy53My5vcmcvMjAwMC9zdmciPjwvc3ZnPg==\" style=\"--smush-placeholder-width: 140px; --smush-placeholder-aspect-ratio: 140\/140;\" \/>        <div class=\"figure-overlay grid-overlay-0\">\n        <div class=\"figure-overlay-container\">\n                            <span class=\"figure-icon\">\n                    <svg version=\"1.1\" xmlns=\"http:\/\/www.w3.org\/2000\/svg\" xmlns:xlink=\"http:\/\/www.w3.org\/1999\/xlink\" viewBox=\"0 0 100 100\"  preserveaspectratio=\"none\">\n<g >\n    <polyline display=\"inline\" fill=\"none\" stroke-width=\"1\" stroke-miterlimit=\"10\" points=\"65.473,42.382\n        50.941,57.617 36.41,42.382  \"\/>\n<\/g>\n<\/svg>\n                <\/span>\n                    <\/div>\n    <\/div>\n    \n            <\/a>\n    \n<\/div><div class=\"nombre-tratamiento element-no-top element-short-bottom\" data-os-animation=\"none\" data-os-animation-delay=\"0s\">\n    <p>Chirurgie guid\u00e9e par ordinateur<\/p>\n<\/div><\/div><div class=\"col-md-2-4     text-center small-screen-default\"  ><div class=\"figure  element-short-top element-no-bottom image-filter-none image-filter-onhover fade-in text-center figcaption-middle normalwidth\" data-os-animation=\"none\" data-os-animation-delay=\"0s\">\n            <a href=\"#carillas\" class=\"figure-image  image-all\" data-links=\"\" target=\"_self\">\n    \n    <img decoding=\"async\" data-src=\"https:\/\/institutodentalinternacional.com\/wp-content\/uploads\/2016\/07\/icono-tratamiento-carillas-granate.png\"   class=\"normalwidth lazyload\" src=\"data:image\/svg+xml;base64,PHN2ZyB3aWR0aD0iMSIgaGVpZ2h0PSIxIiB4bWxucz0iaHR0cDovL3d3dy53My5vcmcvMjAwMC9zdmciPjwvc3ZnPg==\" style=\"--smush-placeholder-width: 140px; --smush-placeholder-aspect-ratio: 140\/140;\" \/>        <div class=\"figure-overlay grid-overlay-0\">\n        <div class=\"figure-overlay-container\">\n                            <span class=\"figure-icon\">\n                    <svg version=\"1.1\" xmlns=\"http:\/\/www.w3.org\/2000\/svg\" xmlns:xlink=\"http:\/\/www.w3.org\/1999\/xlink\" viewBox=\"0 0 100 100\"  preserveaspectratio=\"none\">\n<g >\n    <polyline display=\"inline\" fill=\"none\" stroke-width=\"1\" stroke-miterlimit=\"10\" points=\"65.473,42.382\n        50.941,57.617 36.41,42.382  \"\/>\n<\/g>\n<\/svg>\n                <\/span>\n                    <\/div>\n    <\/div>\n    \n            <\/a>\n    \n<\/div><div class=\"nombre-tratamiento element-no-top element-short-bottom\" data-os-animation=\"none\" data-os-animation-delay=\"0s\">\n    <p>Facettes dentaires<\/p>\n<\/div><\/div><div class=\"col-md-2-4     text-center small-screen-default\"  ><div class=\"figure  element-short-top element-no-bottom image-filter-none image-filter-onhover fade-in text-center figcaption-middle normalwidth\" data-os-animation=\"none\" data-os-animation-delay=\"0s\">\n            <a href=\"#blanqueamiento\" class=\"figure-image  image-all\" data-links=\"\" target=\"_self\">\n    \n    <img decoding=\"async\" data-src=\"https:\/\/institutodentalinternacional.com\/wp-content\/uploads\/2016\/07\/icono-tratamiento-blanqueamiento-granate.png\"   class=\"normalwidth lazyload\" src=\"data:image\/svg+xml;base64,PHN2ZyB3aWR0aD0iMSIgaGVpZ2h0PSIxIiB4bWxucz0iaHR0cDovL3d3dy53My5vcmcvMjAwMC9zdmciPjwvc3ZnPg==\" style=\"--smush-placeholder-width: 140px; --smush-placeholder-aspect-ratio: 140\/140;\" \/>        <div class=\"figure-overlay grid-overlay-0\">\n        <div class=\"figure-overlay-container\">\n                            <span class=\"figure-icon\">\n                    <svg version=\"1.1\" xmlns=\"http:\/\/www.w3.org\/2000\/svg\" xmlns:xlink=\"http:\/\/www.w3.org\/1999\/xlink\" viewBox=\"0 0 100 100\"  preserveaspectratio=\"none\">\n<g >\n    <polyline display=\"inline\" fill=\"none\" stroke-width=\"1\" stroke-miterlimit=\"10\" points=\"65.473,42.382\n        50.941,57.617 36.41,42.382  \"\/>\n<\/g>\n<\/svg>\n                <\/span>\n                    <\/div>\n    <\/div>\n    \n            <\/a>\n    \n<\/div><div class=\"nombre-tratamiento element-no-top element-short-bottom\" data-os-animation=\"none\" data-os-animation-delay=\"0s\">\n    <p>Blanchiment dentaire<\/p>\n<\/div><\/div><div class=\"col-md-2-4     text-center small-screen-default\"  ><div class=\"figure  element-short-top element-no-bottom image-filter-none image-filter-onhover fade-in text-center figcaption-middle normalwidth\" data-os-animation=\"none\" data-os-animation-delay=\"0s\">\n            <a href=\"#endodoncia\" class=\"figure-image  image-all\" data-links=\"\" target=\"_self\">\n    \n    <img decoding=\"async\" data-src=\"https:\/\/institutodentalinternacional.com\/wp-content\/uploads\/2016\/07\/icono-tratamiento-endodoncia-granate.png\"   class=\"normalwidth lazyload\" src=\"data:image\/svg+xml;base64,PHN2ZyB3aWR0aD0iMSIgaGVpZ2h0PSIxIiB4bWxucz0iaHR0cDovL3d3dy53My5vcmcvMjAwMC9zdmciPjwvc3ZnPg==\" style=\"--smush-placeholder-width: 140px; --smush-placeholder-aspect-ratio: 140\/140;\" \/>        <div class=\"figure-overlay grid-overlay-0\">\n        <div class=\"figure-overlay-container\">\n                            <span class=\"figure-icon\">\n                    <svg version=\"1.1\" xmlns=\"http:\/\/www.w3.org\/2000\/svg\" xmlns:xlink=\"http:\/\/www.w3.org\/1999\/xlink\" viewBox=\"0 0 100 100\"  preserveaspectratio=\"none\">\n<g >\n    <polyline display=\"inline\" fill=\"none\" stroke-width=\"1\" stroke-miterlimit=\"10\" points=\"65.473,42.382\n        50.941,57.617 36.41,42.382  \"\/>\n<\/g>\n<\/svg>\n                <\/span>\n                    <\/div>\n    <\/div>\n    \n            <\/a>\n    \n<\/div><div class=\"nombre-tratamiento element-no-top element-short-bottom\" data-os-animation=\"none\" data-os-animation-delay=\"0s\">\n    <p>Endodontie<\/p>\n<\/div><\/div><div class=\"col-md-2-4     text-center small-screen-default\"  ><div class=\"figure  element-short-top element-no-bottom image-filter-none image-filter-onhover fade-in text-center figcaption-middle normalwidth\" data-os-animation=\"none\" data-os-animation-delay=\"0s\">\n            <a href=\"#ortodoncia\" class=\"figure-image  image-all\" data-links=\"\" target=\"_self\">\n    \n    <img decoding=\"async\" data-src=\"https:\/\/institutodentalinternacional.com\/wp-content\/uploads\/2016\/07\/icono-tratamiento-ortodoncia-granate.png\"   class=\"normalwidth lazyload\" src=\"data:image\/svg+xml;base64,PHN2ZyB3aWR0aD0iMSIgaGVpZ2h0PSIxIiB4bWxucz0iaHR0cDovL3d3dy53My5vcmcvMjAwMC9zdmciPjwvc3ZnPg==\" style=\"--smush-placeholder-width: 140px; --smush-placeholder-aspect-ratio: 140\/140;\" \/>        <div class=\"figure-overlay grid-overlay-0\">\n        <div class=\"figure-overlay-container\">\n                            <span class=\"figure-icon\">\n                    <svg version=\"1.1\" xmlns=\"http:\/\/www.w3.org\/2000\/svg\" xmlns:xlink=\"http:\/\/www.w3.org\/1999\/xlink\" viewBox=\"0 0 100 100\"  preserveaspectratio=\"none\">\n<g >\n    <polyline display=\"inline\" fill=\"none\" stroke-width=\"1\" stroke-miterlimit=\"10\" points=\"65.473,42.382\n        50.941,57.617 36.41,42.382  \"\/>\n<\/g>\n<\/svg>\n                <\/span>\n                    <\/div>\n    <\/div>\n    \n            <\/a>\n    \n<\/div><div class=\"nombre-tratamiento element-no-top element-short-bottom\" data-os-animation=\"none\" data-os-animation-delay=\"0s\">\n    <p>Orthodontie<\/p>\n<\/div><\/div><\/div><div class=\"row \"><div class=\"col-md-2-4     text-center small-screen-default\"  ><div class=\"figure  element-short-top element-no-bottom image-filter-none image-filter-onhover fade-in text-center figcaption-middle normalwidth\" data-os-animation=\"none\" data-os-animation-delay=\"0s\">\n            <a href=\"#protesis\" class=\"figure-image  image-all\" data-links=\"\" target=\"_self\">\n    \n    <img decoding=\"async\" data-src=\"https:\/\/institutodentalinternacional.com\/wp-content\/uploads\/2016\/07\/icono-tratamiento-protesis-granate.png\"   class=\"normalwidth lazyload\" src=\"data:image\/svg+xml;base64,PHN2ZyB3aWR0aD0iMSIgaGVpZ2h0PSIxIiB4bWxucz0iaHR0cDovL3d3dy53My5vcmcvMjAwMC9zdmciPjwvc3ZnPg==\" style=\"--smush-placeholder-width: 140px; --smush-placeholder-aspect-ratio: 140\/140;\" \/>        <div class=\"figure-overlay grid-overlay-0\">\n        <div class=\"figure-overlay-container\">\n                            <span class=\"figure-icon\">\n                    <svg version=\"1.1\" xmlns=\"http:\/\/www.w3.org\/2000\/svg\" xmlns:xlink=\"http:\/\/www.w3.org\/1999\/xlink\" viewBox=\"0 0 100 100\"  preserveaspectratio=\"none\">\n<g >\n    <polyline display=\"inline\" fill=\"none\" stroke-width=\"1\" stroke-miterlimit=\"10\" points=\"65.473,42.382\n        50.941,57.617 36.41,42.382  \"\/>\n<\/g>\n<\/svg>\n                <\/span>\n                    <\/div>\n    <\/div>\n    \n            <\/a>\n    \n<\/div><div class=\"nombre-tratamiento element-no-top element-short-bottom\" data-os-animation=\"none\" data-os-animation-delay=\"0s\">\n    <p>Proth\u00e8se<\/p>\n<\/div><\/div><div class=\"col-md-2-4     text-center small-screen-default\"  ><div class=\"figure  element-short-top element-no-bottom image-filter-none image-filter-onhover fade-in text-center figcaption-middle normalwidth\" data-os-animation=\"none\" data-os-animation-delay=\"0s\">\n            <a href=\"#radiologia\" class=\"figure-image  image-all\" data-links=\"\" target=\"_self\">\n    \n    <img decoding=\"async\" data-src=\"https:\/\/institutodentalinternacional.com\/wp-content\/uploads\/2016\/08\/icono-radiologia.png\"   class=\"normalwidth lazyload\" src=\"data:image\/svg+xml;base64,PHN2ZyB3aWR0aD0iMSIgaGVpZ2h0PSIxIiB4bWxucz0iaHR0cDovL3d3dy53My5vcmcvMjAwMC9zdmciPjwvc3ZnPg==\" style=\"--smush-placeholder-width: 140px; --smush-placeholder-aspect-ratio: 140\/140;\" \/>        <div class=\"figure-overlay grid-overlay-0\">\n        <div class=\"figure-overlay-container\">\n                            <span class=\"figure-icon\">\n                    <svg version=\"1.1\" xmlns=\"http:\/\/www.w3.org\/2000\/svg\" xmlns:xlink=\"http:\/\/www.w3.org\/1999\/xlink\" viewBox=\"0 0 100 100\"  preserveaspectratio=\"none\">\n<g >\n    <polyline display=\"inline\" fill=\"none\" stroke-width=\"1\" stroke-miterlimit=\"10\" points=\"65.473,42.382\n        50.941,57.617 36.41,42.382  \"\/>\n<\/g>\n<\/svg>\n                <\/span>\n                    <\/div>\n    <\/div>\n    \n            <\/a>\n    \n<\/div><div class=\"nombre-tratamiento element-no-top element-short-bottom\" data-os-animation=\"none\" data-os-animation-delay=\"0s\">\n    <p>Radiologie<\/p>\n<\/div><\/div><div class=\"col-md-2-4     text-center small-screen-default\"  ><div class=\"figure  element-short-top element-no-bottom image-filter-none image-filter-onhover fade-in text-center figcaption-middle normalwidth\" data-os-animation=\"none\" data-os-animation-delay=\"0s\">\n            <a href=\"#periodoncia\" class=\"figure-image  image-all\" data-links=\"\" target=\"_self\">\n    \n    <img decoding=\"async\" data-src=\"https:\/\/institutodentalinternacional.com\/wp-content\/uploads\/2016\/07\/icono-tratamiento-periodoncia-granate.png\"   class=\"normalwidth lazyload\" src=\"data:image\/svg+xml;base64,PHN2ZyB3aWR0aD0iMSIgaGVpZ2h0PSIxIiB4bWxucz0iaHR0cDovL3d3dy53My5vcmcvMjAwMC9zdmciPjwvc3ZnPg==\" style=\"--smush-placeholder-width: 140px; --smush-placeholder-aspect-ratio: 140\/140;\" \/>        <div class=\"figure-overlay grid-overlay-0\">\n        <div class=\"figure-overlay-container\">\n                            <span class=\"figure-icon\">\n                    <svg version=\"1.1\" xmlns=\"http:\/\/www.w3.org\/2000\/svg\" xmlns:xlink=\"http:\/\/www.w3.org\/1999\/xlink\" viewBox=\"0 0 100 100\"  preserveaspectratio=\"none\">\n<g >\n    <polyline display=\"inline\" fill=\"none\" stroke-width=\"1\" stroke-miterlimit=\"10\" points=\"65.473,42.382\n        50.941,57.617 36.41,42.382  \"\/>\n<\/g>\n<\/svg>\n                <\/span>\n                    <\/div>\n    <\/div>\n    \n            <\/a>\n    \n<\/div><div class=\"nombre-tratamiento element-no-top element-short-bottom\" data-os-animation=\"none\" data-os-animation-delay=\"0s\">\n    <p>Parodontie<\/p>\n<\/div><\/div><div class=\"col-md-2-4     text-center small-screen-default\"  ><div class=\"figure  element-short-top element-no-bottom image-filter-none image-filter-onhover fade-in text-center figcaption-middle normalwidth\" data-os-animation=\"none\" data-os-animation-delay=\"0s\">\n            <a href=\"#prevencion\" class=\"figure-image  image-all\" data-links=\"\" target=\"_self\">\n    \n    <img decoding=\"async\" data-src=\"https:\/\/institutodentalinternacional.com\/wp-content\/uploads\/2016\/07\/icono-tratamiento-prevencion-granate.png\"   class=\"normalwidth lazyload\" src=\"data:image\/svg+xml;base64,PHN2ZyB3aWR0aD0iMSIgaGVpZ2h0PSIxIiB4bWxucz0iaHR0cDovL3d3dy53My5vcmcvMjAwMC9zdmciPjwvc3ZnPg==\" style=\"--smush-placeholder-width: 140px; --smush-placeholder-aspect-ratio: 140\/140;\" \/>        <div class=\"figure-overlay grid-overlay-0\">\n        <div class=\"figure-overlay-container\">\n                            <span class=\"figure-icon\">\n                    <svg version=\"1.1\" xmlns=\"http:\/\/www.w3.org\/2000\/svg\" xmlns:xlink=\"http:\/\/www.w3.org\/1999\/xlink\" viewBox=\"0 0 100 100\"  preserveaspectratio=\"none\">\n<g >\n    <polyline display=\"inline\" fill=\"none\" stroke-width=\"1\" stroke-miterlimit=\"10\" points=\"65.473,42.382\n        50.941,57.617 36.41,42.382  \"\/>\n<\/g>\n<\/svg>\n                <\/span>\n                    <\/div>\n    <\/div>\n    \n            <\/a>\n    \n<\/div><div class=\"nombre-tratamiento element-no-top element-short-bottom\" data-os-animation=\"none\" data-os-animation-delay=\"0s\">\n    <p>Pr\u00e9vention<\/p>\n<\/div><\/div><div class=\"col-md-2-4     text-center small-screen-default\"  ><div class=\"figure  element-short-top element-no-bottom image-filter-none image-filter-onhover fade-in text-center figcaption-middle normalwidth\" data-os-animation=\"none\" data-os-animation-delay=\"0s\">\n            <a href=\"#ferula\" class=\"figure-image  image-all\" data-links=\"\" target=\"_self\">\n    \n    <img decoding=\"async\" data-src=\"https:\/\/institutodentalinternacional.com\/wp-content\/uploads\/2016\/08\/icono-ferula.png\"   class=\"normalwidth lazyload\" src=\"data:image\/svg+xml;base64,PHN2ZyB3aWR0aD0iMSIgaGVpZ2h0PSIxIiB4bWxucz0iaHR0cDovL3d3dy53My5vcmcvMjAwMC9zdmciPjwvc3ZnPg==\" style=\"--smush-placeholder-width: 140px; --smush-placeholder-aspect-ratio: 140\/140;\" \/>        <div class=\"figure-overlay grid-overlay-0\">\n        <div class=\"figure-overlay-container\">\n                            <span class=\"figure-icon\">\n                    <svg version=\"1.1\" xmlns=\"http:\/\/www.w3.org\/2000\/svg\" xmlns:xlink=\"http:\/\/www.w3.org\/1999\/xlink\" viewBox=\"0 0 100 100\"  preserveaspectratio=\"none\">\n<g >\n    <polyline display=\"inline\" fill=\"none\" stroke-width=\"1\" stroke-miterlimit=\"10\" points=\"65.473,42.382\n        50.941,57.617 36.41,42.382  \"\/>\n<\/g>\n<\/svg>\n                <\/span>\n                    <\/div>\n    <\/div>\n    \n            <\/a>\n    \n<\/div><div class=\"nombre-tratamiento element-no-top element-short-bottom\" data-os-animation=\"none\" data-os-animation-delay=\"0s\">\n    <p>Goutti\u00e8res anti-grincements et goutti\u00e8res anti-ronflements<\/p>\n<\/div><\/div><\/div><div class=\"divider-wrapper\" style=\"visibility:hidden;background-color:\">\n    <div class=\"visible-xs\" style=\"height:24px;\"><\/div>\n    <div class=\"visible-sm\" style=\"height:24px;\"><\/div>\n    <div class=\"visible-md\" style=\"height:24px;\"><\/div>\n    <div class=\"visible-lg\" style=\"height:24px;\"><\/div>\n<\/div><\/div>        <\/div>\n    <\/div>\n<\/section>\n<section class=\"section swatch-para-fondo-blanco  section-text-no-shadow section-inner-no-shadow section-normal section-opaque\" id=\"cirugia\"  data-label=\"\">\n    \n    <div class=\"background-overlay grid-overlay-0 \" style=\"background-color: rgba(0,0,0,0);\"><\/div>\n\n    <div class=\"container\">\n        <div class=\"row vertical-top\">\n            <div class=\"col-md-12     text-center small-screen-default\"  ><header class=\"text-default  element-medium-top element-medium-bottom not-condensed\" data-os-animation=\"none\" data-os-animation-delay=\"0s\" >\n    <h1 class=\"normal regular no-bordered-header bordered-normal\" >\n        Chirurgie guid\u00e9e par ordinateur    <\/h1>\n            <p class=\"lead\" >Les derni\u00e8res technologies \u00e0 votre disposition<\/p>\n    <\/header>\n<div class=\"figure  element-no-top element-short-bottom image-filter-none image-filter-onhover fade-in text-center figcaption-middle normalwidth\" data-os-animation=\"none\" data-os-animation-delay=\"0s\">\n            <span class=\"figure-image\">\n    \n    <img decoding=\"async\" data-src=\"https:\/\/institutodentalinternacional.com\/wp-content\/uploads\/2016\/07\/tratamiento-cirugia-1.png\"   class=\"normalwidth lazyload\" src=\"data:image\/svg+xml;base64,PHN2ZyB3aWR0aD0iMSIgaGVpZ2h0PSIxIiB4bWxucz0iaHR0cDovL3d3dy53My5vcmcvMjAwMC9zdmciPjwvc3ZnPg==\" style=\"--smush-placeholder-width: 600px; --smush-placeholder-aspect-ratio: 600\/300;\" \/>    \n            <\/span>\n    \n<\/div><div class=\" element-short-top element-medium-bottom\" data-os-animation=\"none\" data-os-animation-delay=\"0s\">\n    <p>Gr\u00e2ce \u00e0 l&rsquo;exactitude du proc\u00e9d\u00e9 chirurgical d\u00e9nomm\u00e9 Chirurgie Mini-invasive Guid\u00e9e, il est possible pour le laboratoire de fabriquer une copie exacte de la bouche et de l&rsquo;os du patient \u00e0 partir de l&rsquo;\u00e9tude totalement num\u00e9ris\u00e9e. Connaissant la position, la direction, le diam\u00e8tre, la longueur et la profondeur des implants, qui devront \u00eatre pos\u00e9s, nous aurons un meilleur contr\u00f4le de l&rsquo;intervention la rendant plus s\u00fbre, nous am\u00e9liorerons le post-op\u00e9ratoire, \u00e9viterons la majorit\u00e9 des d\u00e9sagr\u00e9ments car le proc\u00e9d\u00e9 se r\u00e9alise sans bistouri, sans incision, sans soulever la gencive ni points de suture&#8230;<\/p>\n<\/div><div class=\"box box-round box-mini icono-subir element-medium-top element-no-bottom\" data-os-animation=\"none\" data-os-animation-delay=\"0s\">\n    <div class=\"box-dummy\"><\/div>\n            <a class=\"box-inner  grid-overlay-0\" href=\"#iconos-tratamientos\" style=\"background-color:#e0e0e0\">\n        <div class=\"box-animate\" data-animation=\"bounce\" style=\"stroke:#000000;\">\n        <svg version=\"1.1\" xmlns=\"http:\/\/www.w3.org\/2000\/svg\" xmlns:xlink=\"http:\/\/www.w3.org\/1999\/xlink\" viewBox=\"0 0 100 100\"  preserveaspectratio=\"none\">\n<g >\n    <polyline display=\"inline\" fill=\"none\" stroke-width=\"1\" stroke-miterlimit=\"10\" points=\"36.412,57.616\n        50.943,42.382 65.475,57.616     \"\/>\n<\/g>\n<\/svg>\n    <\/div>\n            <\/a>\n    <\/div><div class=\"peque margen-peque element-no-top element-medium-bottom\" data-os-animation=\"none\" data-os-animation-delay=\"0s\">\n    <p><a href=\"#iconos-tratamientos\">Retour aux traitements<\/a><\/p>\n<\/div><\/div>        <\/div>\n    <\/div>\n<\/section>\n<section class=\"section swatch-para-fondo-blanco  section-text-no-shadow section-inner-no-shadow section-normal section-opaque\" id=\"carillas\"  data-label=\"\">\n    \n    <div class=\"background-overlay grid-overlay-0 \" style=\"background-color: rgba(242,242,242,1);\"><\/div>\n\n    <div class=\"container\">\n        <div class=\"row vertical-top\">\n            <div class=\"col-md-12     text-center small-screen-default\"  ><header class=\"text-default  element-medium-top element-medium-bottom not-condensed\" data-os-animation=\"none\" data-os-animation-delay=\"0s\" >\n    <h1 class=\"normal regular no-bordered-header bordered-normal\" >\n        Facettes dentaires    <\/h1>\n            <p class=\"lead\" >Une bouche plus jolie<\/p>\n    <\/header>\n<div class=\"figure  element-no-top element-short-bottom image-filter-none image-filter-onhover fade-in text-center figcaption-middle normalwidth\" data-os-animation=\"none\" data-os-animation-delay=\"0s\">\n            <span class=\"figure-image\">\n    \n    <img decoding=\"async\" data-src=\"https:\/\/institutodentalinternacional.com\/wp-content\/uploads\/2016\/07\/tratamiento-carillas-1.png\"   class=\"normalwidth lazyload\" src=\"data:image\/svg+xml;base64,PHN2ZyB3aWR0aD0iMSIgaGVpZ2h0PSIxIiB4bWxucz0iaHR0cDovL3d3dy53My5vcmcvMjAwMC9zdmciPjwvc3ZnPg==\" style=\"--smush-placeholder-width: 600px; --smush-placeholder-aspect-ratio: 600\/300;\" \/>    \n            <\/span>\n    \n<\/div><div class=\" element-short-top element-medium-bottom\" data-os-animation=\"none\" data-os-animation-delay=\"0s\">\n    <p>La bouche est notre carte de visite, notre pr\u00e9sentation, en souriant nous communiquons beaucoup et pour cela il est n\u00e9cessaire de sourire sans g\u00eane ni complexes. Des dents blanches, lumineuses et bien align\u00e9es nous donneront confiance en nous pour sourire chaleureusement et sinc\u00e8rement.<\/p>\n<p>Les probl\u00e8mes esth\u00e9tiques peuvent surgir pour les diff\u00e8rents motifs: perte de dents, dents mal positionn\u00e9es, dents de couleur sombre, dents de formes ir\u00e9guli\u00e8res, dents de dimensions irr\u00e9guli\u00e8res, espaces obscures entre les dents, dents qui laissent \u00e0 la vue la racines avec une gencive contract\u00e9e, dents avec des caries ou mal soign\u00e9es.<\/p>\n<\/div><div class=\"row \"><div class=\"col-md-6     text-left small-screen-default\"  ><div class=\"texto-explicativo element-short-top element-medium-bottom\" data-os-animation=\"none\" data-os-animation-delay=\"0s\">\n    <p><span class=\"texto-recuadrado\">Facettes en porcelaine<\/span><\/p>\n<p>Les facettes en porcelaine sont de fines lamelles fabriqu\u00e9es sur mesure en laboratoire et qui sont coll\u00e9es sur les dents pour leur rendre la dimension, la forme et la couleur d\u00e9sir\u00e9es.<\/p>\n<p>Plusieurs visites sont n\u00e9cessaires car tout d&rsquo;abord il faut l\u00e9g\u00e8rement r\u00e9duire la grosseur de la dent, ensuite mesurer les dimensions, les envoyer aux laboratoire et enfin lcoller la facette sur la surface de la dent. Ce proc\u00e9d\u00e9 est irr\u00e9versible.<\/p>\n<\/div><\/div><div class=\"col-md-6     text-left small-screen-default\"  ><div class=\"texto-explicativo element-short-top element-medium-bottom\" data-os-animation=\"none\" data-os-animation-delay=\"0s\">\n    <p><span class=\"texto-recuadrado\">Facettes en composite<\/span><\/p>\n<p>Les facettes en composite sont indiqu\u00e9es dans les cas de dents de formes et\/ou dimensions irr\u00e9guli\u00e8res, ou de pr\u00e9sence d&rsquo;espace sombre entre les dents. Le traitement consiste \u00e0 appliquer sur les dents un mat\u00e9riau de m\u00eame couleur qui s&rsquo;ajuste \u00e0 la forme d\u00e9sir\u00e9e et qui adh\u00e8re \u00e0 la surface de la dent avec un gravage acide. Une anesth\u00e9sie locale n&rsquo;est pas utile car il s&rsquo;agit d&rsquo;un processus indolore et r\u00e9versible qui peut \u00eatre modifi\u00e9 \u00e0 volont\u00e9. De cette mani\u00e8re, nous pouvons donner aux dents leur forme et leur dimension d&rsquo;une mani\u00e8re facile et jamais agressive.<\/p>\n<\/div><\/div><\/div><div class=\"box box-round box-mini icono-subir element-medium-top element-no-bottom\" data-os-animation=\"none\" data-os-animation-delay=\"0s\">\n    <div class=\"box-dummy\"><\/div>\n            <a class=\"box-inner  grid-overlay-0\" href=\"#iconos-tratamientos\" style=\"background-color:#e0e0e0\">\n        <div class=\"box-animate\" data-animation=\"bounce\" style=\"stroke:#000000;\">\n        <svg version=\"1.1\" xmlns=\"http:\/\/www.w3.org\/2000\/svg\" xmlns:xlink=\"http:\/\/www.w3.org\/1999\/xlink\" viewBox=\"0 0 100 100\"  preserveaspectratio=\"none\">\n<g >\n    <polyline display=\"inline\" fill=\"none\" stroke-width=\"1\" stroke-miterlimit=\"10\" points=\"36.412,57.616\n        50.943,42.382 65.475,57.616     \"\/>\n<\/g>\n<\/svg>\n    <\/div>\n            <\/a>\n    <\/div><div class=\"peque margen-peque element-no-top element-medium-bottom\" data-os-animation=\"none\" data-os-animation-delay=\"0s\">\n    <p><a href=\"#iconos-tratamientos\">Retour aux traitements<\/a><\/p>\n<\/div><\/div>        <\/div>\n    <\/div>\n<\/section>\n<section class=\"section swatch-para-fondo-blanco  section-text-no-shadow section-inner-no-shadow section-normal section-opaque\" id=\"blanqueamiento\"  data-label=\"\">\n    \n    <div class=\"background-overlay grid-overlay-0 \" style=\"background-color: rgba(0,0,0,0);\"><\/div>\n\n    <div class=\"container\">\n        <div class=\"row vertical-top\">\n            <div class=\"col-md-12     text-center small-screen-default\"  ><header class=\"text-default  element-medium-top element-medium-bottom not-condensed\" data-os-animation=\"none\" data-os-animation-delay=\"0s\" >\n    <h1 class=\"normal regular no-bordered-header bordered-normal\" >\n        Blanchiment dentaire    <\/h1>\n            <p class=\"lead\" >Un joli et sain sourire<\/p>\n    <\/header>\n<div class=\"figure  element-no-top element-short-bottom image-filter-none image-filter-onhover fade-in text-center figcaption-middle normalwidth\" data-os-animation=\"none\" data-os-animation-delay=\"0s\">\n            <span class=\"figure-image\">\n    \n    <img decoding=\"async\" data-src=\"https:\/\/institutodentalinternacional.com\/wp-content\/uploads\/2016\/07\/tratamiento-blanqueamiento-1.png\"   class=\"normalwidth lazyload\" src=\"data:image\/svg+xml;base64,PHN2ZyB3aWR0aD0iMSIgaGVpZ2h0PSIxIiB4bWxucz0iaHR0cDovL3d3dy53My5vcmcvMjAwMC9zdmciPjwvc3ZnPg==\" style=\"--smush-placeholder-width: 600px; --smush-placeholder-aspect-ratio: 600\/300;\" \/>    \n            <\/span>\n    \n<\/div><div class=\" element-short-top element-short-bottom\" data-os-animation=\"none\" data-os-animation-delay=\"0s\">\n    <p>Le blanchiment dentaire est un traitement esth\u00e9tique conservateur, relativement simple et rapide, indiqu\u00e9 dans le cas de dents tach\u00e9es (taches y d\u00e9colorations).<\/p>\n<\/div><div class=\"row \"><div class=\"col-md-6     text-left small-screen-default\"  ><div class=\"texto-explicativo element-short-top element-short-bottom\" data-os-animation=\"none\" data-os-animation-delay=\"0s\">\n    <p>L&rsquo;objetif est d&rsquo;obtenir un sourire harmonieux pour notre patient, rendant \u00e0 ses dents la couleur esth\u00e9toquement appropri\u00e9e dans le d\u00e9lai le plus court, selon un proc\u00e9d\u00e9 simple et indolore et presque sans effets secondaires.<\/p>\n<p>&nbsp;<\/p>\n<p><span class=\"texto-recuadrado\">Blanchiment externe<\/span><\/p>\n<p>Il existe deux mani\u00e8res de la r\u00e9aliser, ambulatoire ou clinique, ou la combinaison des deux. Ce traitement en clinique est effectu\u00e9 \u00e0 l&rsquo;aide d&rsquo;un produit activ\u00e9 par la lumi\u00e8re offrant des r\u00e9sultats spectaculaires. Le traitement ambulatoire est r\u00e9alis\u00e9 \u00e0 l&rsquo;aide d&rsquo;un gel appliqu\u00e9 sur une goutti\u00e8re sur les dents, obtenant de tr\u00e8s bons r\u00e9sultats sur des dents originales.<\/p>\n<p>&nbsp;<\/p>\n<p><span class=\"texto-recuadrado\">Blanchiment interne<\/span><\/p>\n<p>Recommand\u00e9 pour un assombrissement ponctuel des dents caus\u00e9 par un traitement des conduits (st\u00e9rilisation d&rsquo;un nerf, endodontie) ou par une infection.<\/p>\n<\/div><\/div><div class=\"col-md-6     text-left small-screen-default\"  ><div class=\"texto-explicativo element-short-top element-short-bottom\" data-os-animation=\"none\" data-os-animation-delay=\"0s\">\n    <p><span class=\"texto-recuadrado\">Que peut faire la technologie pour combattre les taches?<\/span><\/p>\n<p>Les techniques de blanchiment dentaire sont les plus utilis\u00e9es pour rendre un aspect sain, brillant et naturel \u00e0 nos dents. Ce sont aujourd&rsquo;hui des techniques esth\u00e9tiques avec le plus grand futur car de par leur simplicit\u00e9 et la dur\u00e9e des r\u00e9sultats.<\/p>\n<p>Les traitements pour le blanchiment dentaire sont des proc\u00e9d\u00e9s non envahissants et indolores, de r\u00e9sultats imm\u00e9diats et qui rendent au patient une agr\u00e9able apparence. Il peut s&rsquo;agir d&rsquo;agents de blanchiment photo-sensibles en clinique ou de blanchiment avec laser, et lampe \u00e0 LED de derni\u00e8re g\u00e9n\u00e9ration, des fois compl\u00e8t\u00e9s para l&rsquo;application de gel par le patient chez lui.<\/p>\n<p>S&rsquo;il est vrai que chacun de ces traitements est s\u00fbr et efficace, nous vous conseillerons toujours le plus appropri\u00e9 selon la situation de vos dents, ainsi de que des r\u00e9sultats possibles. Il est possible, dans quelques cas de ressentir une certaine sensibilit\u00e9 dans les dents apr\u00e8s une s\u00e9ance, mais celle-ci est passag\u00e8re et nous avons des solutions pour y rem\u00e9dier.<\/p>\n<\/div><\/div><\/div><div class=\"box box-round box-mini icono-subir element-medium-top element-no-bottom\" data-os-animation=\"none\" data-os-animation-delay=\"0s\">\n    <div class=\"box-dummy\"><\/div>\n            <a class=\"box-inner  grid-overlay-0\" href=\"#iconos-tratamientos\" style=\"background-color:#e0e0e0\">\n        <div class=\"box-animate\" data-animation=\"bounce\" style=\"stroke:#000000;\">\n        <svg version=\"1.1\" xmlns=\"http:\/\/www.w3.org\/2000\/svg\" xmlns:xlink=\"http:\/\/www.w3.org\/1999\/xlink\" viewBox=\"0 0 100 100\"  preserveaspectratio=\"none\">\n<g >\n    <polyline display=\"inline\" fill=\"none\" stroke-width=\"1\" stroke-miterlimit=\"10\" points=\"36.412,57.616\n        50.943,42.382 65.475,57.616     \"\/>\n<\/g>\n<\/svg>\n    <\/div>\n            <\/a>\n    <\/div><div class=\"peque margen-peque element-no-top element-medium-bottom\" data-os-animation=\"none\" data-os-animation-delay=\"0s\">\n    <p><a href=\"#iconos-tratamientos\">Retour aux traitements<\/a><\/p>\n<\/div><\/div>        <\/div>\n    <\/div>\n<\/section>\n<section class=\"section swatch-para-fondo-blanco  section-text-no-shadow section-inner-no-shadow section-normal section-opaque\" id=\"endodoncia\"  data-label=\"\">\n    \n    <div class=\"background-overlay grid-overlay-0 \" style=\"background-color: rgba(242,242,242,1);\"><\/div>\n\n    <div class=\"container\">\n        <div class=\"row vertical-top\">\n            <div class=\"col-md-12     text-center small-screen-default\"  ><header class=\"text-default  element-medium-top element-medium-bottom not-condensed\" data-os-animation=\"none\" data-os-animation-delay=\"0s\" >\n    <h1 class=\"normal regular no-bordered-header bordered-normal\" >\n        Endodontie    <\/h1>\n            <p class=\"lead\" >Nous sauvons vos dents<\/p>\n    <\/header>\n<div class=\"figure  element-no-top element-short-bottom image-filter-none image-filter-onhover fade-in text-center figcaption-middle normalwidth\" data-os-animation=\"none\" data-os-animation-delay=\"0s\">\n            <span class=\"figure-image\">\n    \n    <img decoding=\"async\" data-src=\"https:\/\/institutodentalinternacional.com\/wp-content\/uploads\/2016\/07\/fotos-tratamientos_endodoncia-2022.png\"   class=\"normalwidth lazyload\" src=\"data:image\/svg+xml;base64,PHN2ZyB3aWR0aD0iMSIgaGVpZ2h0PSIxIiB4bWxucz0iaHR0cDovL3d3dy53My5vcmcvMjAwMC9zdmciPjwvc3ZnPg==\" style=\"--smush-placeholder-width: 600px; --smush-placeholder-aspect-ratio: 600\/300;\" \/>    \n            <\/span>\n    \n<\/div><div class=\" element-short-top element-short-bottom\" data-os-animation=\"none\" data-os-animation-delay=\"0s\">\n    <p>L&rsquo;endodontie est la sp\u00e9cialit\u00e9 qui consiste \u00e0 devitaliser les racines de dents par la decontamination de leurs conduits.<\/p>\n<\/div><div class=\"row \"><div class=\"col-md-6     text-left small-screen-default\"  ><div class=\"texto-explicativo element-short-top element-medium-bottom\" data-os-animation=\"none\" data-os-animation-delay=\"0s\">\n    <p>L&rsquo;endodontie d&rsquo;une dent est n\u00e9cessaire quand le nerf en son int\u00e9rieur est infect\u00e9 ou inflamm\u00e9, que ce soit caus\u00e9 par une carie ou une inflammation externe. Cette inflammation du nerf est tr\u00e8s douloureuse et dans certains cas \u00e0 risques l&rsquo;endodontie peut se r\u00e9v\u00e9ler n\u00e9cessaire \u00e0 titre pr\u00e9ventif.<\/p>\n<p>L&rsquo;endodontie s&rsquo;effectue g\u00e9n\u00e9ralement en un unique acte m\u00e9dical, ne g\u00eane pas et pr\u00e9sente unbon post-op\u00e9ratoire. Dans nos centres nous appliquons des techniques avec localisation des conduits \u00e0 haute fiabilit\u00e9 et endodontie rotative.<\/p>\n<\/div><\/div><div class=\"col-md-6     text-left small-screen-default\"  ><div class=\"texto-explicativo element-short-top element-medium-bottom\" data-os-animation=\"none\" data-os-animation-delay=\"0s\">\n    <p><span class=\"texto-recuadrado\">L&rsquo;endodontie est-elle douloureuse?<\/span><\/p>\n<p>Non, une anesth\u00e9sie locale permet de r\u00e9aliser une endodontie indolore.<\/p>\n<p>&nbsp;<\/p>\n<p><span class=\"texto-recuadrado\">Combien de visites sont-elles n\u00e9cessaires?<\/span><\/p>\n<p>En g\u00e9n\u00e9ral, les endodonties sont r\u00e9alis\u00e9es en un seul acte op\u00e9ratoire, mais en fonction de l&rsquo;infection plusieurs visites peuvent \u00eatre n\u00e9cessaires.<\/p>\n<\/div><\/div><\/div><div class=\"box box-round box-mini icono-subir element-medium-top element-no-bottom\" data-os-animation=\"none\" data-os-animation-delay=\"0s\">\n    <div class=\"box-dummy\"><\/div>\n            <a class=\"box-inner  grid-overlay-0\" href=\"#iconos-tratamientos\" style=\"background-color:#e0e0e0\">\n        <div class=\"box-animate\" data-animation=\"bounce\" style=\"stroke:#000000;\">\n        <svg version=\"1.1\" xmlns=\"http:\/\/www.w3.org\/2000\/svg\" xmlns:xlink=\"http:\/\/www.w3.org\/1999\/xlink\" viewBox=\"0 0 100 100\"  preserveaspectratio=\"none\">\n<g >\n    <polyline display=\"inline\" fill=\"none\" stroke-width=\"1\" stroke-miterlimit=\"10\" points=\"36.412,57.616\n        50.943,42.382 65.475,57.616     \"\/>\n<\/g>\n<\/svg>\n    <\/div>\n            <\/a>\n    <\/div><div class=\"peque margen-peque element-no-top element-medium-bottom\" data-os-animation=\"none\" data-os-animation-delay=\"0s\">\n    <p><a href=\"#iconos-tratamientos\">Retour aux traitements<\/a><\/p>\n<\/div><\/div>        <\/div>\n    <\/div>\n<\/section>\n<section class=\"section swatch-para-fondo-blanco  section-text-no-shadow section-inner-no-shadow section-normal section-opaque\" id=\"ortodoncia\"  data-label=\"\">\n    \n    <div class=\"background-overlay grid-overlay-0 \" style=\"background-color: rgba(0,0,0,0);\"><\/div>\n\n    <div class=\"container\">\n        <div class=\"row vertical-top\">\n            <div class=\"col-md-12     text-center small-screen-default\"  ><header class=\"text-default  element-medium-top element-medium-bottom not-condensed\" data-os-animation=\"none\" data-os-animation-delay=\"0s\" >\n    <h1 class=\"normal regular no-bordered-header bordered-normal\" >\n        Orthodontie    <\/h1>\n            <p class=\"lead\" >Souriez sans complexes<\/p>\n    <\/header>\n<div class=\"figure  element-no-top element-short-bottom image-filter-none image-filter-onhover fade-in text-center figcaption-middle normalwidth\" data-os-animation=\"none\" data-os-animation-delay=\"0s\">\n            <span class=\"figure-image\">\n    \n    <img decoding=\"async\" data-src=\"https:\/\/institutodentalinternacional.com\/wp-content\/uploads\/2016\/07\/tratamiento-ortodoncia.png\"   class=\"normalwidth lazyload\" src=\"data:image\/svg+xml;base64,PHN2ZyB3aWR0aD0iMSIgaGVpZ2h0PSIxIiB4bWxucz0iaHR0cDovL3d3dy53My5vcmcvMjAwMC9zdmciPjwvc3ZnPg==\" style=\"--smush-placeholder-width: 600px; --smush-placeholder-aspect-ratio: 600\/300;\" \/>    \n            <\/span>\n    \n<\/div><div class=\" element-short-top element-short-bottom\" data-os-animation=\"none\" data-os-animation-delay=\"0s\">\n    <p>L&rsquo;orthodontie est la sp\u00e9cialit\u00e9 qui se d\u00e9die \u00e0 repositionner et d\u00e9placer les dents jusqu&rsquo;\u00e0 leur position correcte. Aujourd&rsquo;hui, l&rsquo;orthodontie est possible \u00e0 tout age. L&rsquo;orthodontie donne d&rsquo;excellents r\u00e9sultats et stables \u00e0 long terme si la stablilisation se r\u00e9alise correctement.La collaboration du patient est n\u00e9cessaire car le traitement peut durer des mois et demande un nombre de visites important. Et il faudra maintenir tant les dents que la gencive en bonne sant\u00e9 durant le traitement.<\/p>\n<\/div><div class=\"row \"><div class=\"col-md-6     text-left small-screen-default\"  ><div class=\"texto-explicativo element-short-top element-short-bottom\" data-os-animation=\"none\" data-os-animation-delay=\"0s\">\n    <p><span class=\"texto-recuadrado\">Orthodontie standard<\/span><\/p>\n<p>M\u00e9thode traditionnelle avec des brackets m\u00e9talliques.<\/p>\n<p>&nbsp;<\/p>\n<p><span class=\"texto-recuadrado\">Orthodontie Invisible<\/span><\/p>\n<p>Invisalign est une technique d&rsquo;orthodontie qui permet aux patients d&rsquo;am\u00e9liorer leur sourire en utilisant des appareils dentaires transparents pratiquement invisibles \u00e0 l&rsquo;oeil nu.<\/p>\n<p>Chaque appareil dentaire est r\u00e9alis\u00e9 sur mesure pour chaque patient et doit \u00eatre utilis\u00e9 2 semaines quand un nouvel appareil sera fabriqu\u00e9 pour la nouvelle position des dents.<\/p>\n<p>La quantit\u00e9 d&rsquo;appareils d\u00e9pendra des besoins de chacun. Les principaux avantages son deux: d&rsquo;une part le composant esth\u00e9tique car l&rsquo;appareil est invisible, et d&rsquo;autre part sa fonctionnalit\u00e9 car il nous est possible de nous quitter l&rsquo;appareil pour manger et nous brosser les dents. Cela nous aide \u00e0 \u00e9viter les situations assez habituelles d&rsquo;accumulation de tartre sur les brackets.<\/p>\n<p>Pour obtenir de bons r\u00e9sultats il est fondamental que le patient collabore en \u00e9tant constant et rigoureux dans le respect des consignes donn\u00e9es par le sp\u00e9cialiste.<\/p>\n<\/div><\/div><div class=\"col-md-6     text-left small-screen-default\"  ><div class=\"texto-explicativo element-short-top element-short-bottom\" data-os-animation=\"none\" data-os-animation-delay=\"0s\">\n    <p><span class=\"texto-recuadrado\">Orthodontie esth\u00e9tique<\/span><\/p>\n<p>A l&rsquo;aide de fils transparents qui ne se voient presque pas et de brackets en saphire qui rendent l&rsquo;orthodontie apparement invisible.<\/p>\n<p>&nbsp;<\/p>\n<p><span class=\"texto-recuadrado\">Orthodontie linguale et orthodontie invisible<\/span><\/p>\n<p>A l&rsquo;aide fils plac\u00e9s sur la face interne des dents. Cette tecnique qui consiste \u00e0 placer les appareils de mani\u00e8re presque invisible, est tr\u00e8s populaire parmis les patients adultes.<\/p>\n<p>&nbsp;<\/p>\n<p><span class=\"texto-recuadrado\">Peut-on r\u00e9aliser une orthodontie \u00e0 tout age?<\/span><\/p>\n<p>Oui, l&rsquo;orthodontie peut se r\u00e9aliser ind\u00e9pendemment de l&rsquo;age du patient.<\/p>\n<p>&nbsp;<\/p>\n<p><span class=\"texto-recuadrado\">L&rsquo;orthodontie invisible est possible dans tous les cas?<\/span><\/p>\n<p>Pour la majorit\u00e9 des patients elle est possible bien que dans certaines situations le traitement peut \u00eatre plus lent.<\/p>\n<\/div><\/div><\/div><div class=\"box box-round box-mini icono-subir element-medium-top element-no-bottom\" data-os-animation=\"none\" data-os-animation-delay=\"0s\">\n    <div class=\"box-dummy\"><\/div>\n            <a class=\"box-inner  grid-overlay-0\" href=\"#iconos-tratamientos\" style=\"background-color:#e0e0e0\">\n        <div class=\"box-animate\" data-animation=\"bounce\" style=\"stroke:#000000;\">\n        <svg version=\"1.1\" xmlns=\"http:\/\/www.w3.org\/2000\/svg\" xmlns:xlink=\"http:\/\/www.w3.org\/1999\/xlink\" viewBox=\"0 0 100 100\"  preserveaspectratio=\"none\">\n<g >\n    <polyline display=\"inline\" fill=\"none\" stroke-width=\"1\" stroke-miterlimit=\"10\" points=\"36.412,57.616\n        50.943,42.382 65.475,57.616     \"\/>\n<\/g>\n<\/svg>\n    <\/div>\n            <\/a>\n    <\/div><div class=\"peque margen-peque element-no-top element-medium-bottom\" data-os-animation=\"none\" data-os-animation-delay=\"0s\">\n    <p><a href=\"#iconos-tratamientos\">Retour aux traitements<\/a><\/p>\n<\/div><\/div>        <\/div>\n    <\/div>\n<\/section>\n<section class=\"section swatch-para-fondo-blanco  section-text-no-shadow section-inner-no-shadow section-normal section-opaque\" id=\"protesis\"  data-label=\"\">\n    \n    <div class=\"background-overlay grid-overlay-0 \" style=\"background-color: rgba(242,242,242,1);\"><\/div>\n\n    <div class=\"container\">\n        <div class=\"row vertical-top\">\n            <div class=\"col-md-12     text-center small-screen-default\"  ><header class=\"text-default  element-medium-top element-medium-bottom not-condensed\" data-os-animation=\"none\" data-os-animation-delay=\"0s\" >\n    <h1 class=\"normal regular no-bordered-header bordered-normal\" >\n        Proth\u00e8se    <\/h1>\n            <p class=\"lead\" >Proth\u00e8se ajust\u00e9e \u00e0 vos besoins<\/p>\n    <\/header>\n<div class=\"figure  element-no-top element-short-bottom image-filter-none image-filter-onhover fade-in text-center figcaption-middle normalwidth\" data-os-animation=\"none\" data-os-animation-delay=\"0s\">\n            <span class=\"figure-image\">\n    \n    <img decoding=\"async\" data-src=\"https:\/\/institutodentalinternacional.com\/wp-content\/uploads\/2016\/07\/fotos-tratamientos_protesis.png\"   class=\"normalwidth lazyload\" src=\"data:image\/svg+xml;base64,PHN2ZyB3aWR0aD0iMSIgaGVpZ2h0PSIxIiB4bWxucz0iaHR0cDovL3d3dy53My5vcmcvMjAwMC9zdmciPjwvc3ZnPg==\" style=\"--smush-placeholder-width: 600px; --smush-placeholder-aspect-ratio: 600\/300;\" \/>    \n            <\/span>\n    \n<\/div><div class=\" element-short-top element-short-bottom\" data-os-animation=\"none\" data-os-animation-delay=\"0s\">\n    <p>Proth\u00e8se dentaire signifie la pose de nouvelles dents artificielles soit sur une dent existante pour la soigner et les rendre plus belles, soit sur des implants int\u00e9gr\u00e9s.<\/p>\n<\/div><div class=\"row \"><div class=\"col-md-6     text-left small-screen-default\"  ><div class=\"texto-explicativo element-short-top element-medium-bottom\" data-os-animation=\"none\" data-os-animation-delay=\"0s\">\n    <p><span class=\"texto-recuadrado\">Proth\u00e8ses sur implant<\/span><\/p>\n<p>Une fois les implants dentaires pos\u00e9s (racines en titane) dans le maxillaire, il faut fabriquer une proth\u00e8se dentaire sur mesure. Pour cela sont n\u00e9cessaires plusieurs examens pour mesurer et contr\u00f4ler la structure ainsi que les r\u00e9glages et l&rsquo;esth\u00e9tique, mais avec des r\u00e9sultats durables et r\u00e9ussis.<\/p>\n<p>&nbsp;<\/p>\n<div class=\"mas_tratamiento\">\n<p><span class=\"texto-recuadrado\">Proth\u00e8se fixe<\/span><\/p>\n<p>Cela consiste \u00e0 limer et r\u00e9duire les dents voisines de la z\u00f4ne sans dents. De cette mani\u00e8re, les fausses dents seront fix\u00e9es et s&rsquo;appuieront sur les dents lim\u00e9es qui sont devant et derri\u00e8re la z\u00f4ne \u00e0 substituter. Ce type de proth\u00e8se fix\u00e9e sur dents est confortable et durable, mais pas autant que les implants dentaires. Pour pouvoir le r\u00e9aliser il est n\u00e9cessaire d&rsquo;avoir de bonnes dents tant devant comme derri\u00e8re la z\u00f4ne sans dents.<\/p>\n<p>&nbsp;<\/p>\n<p><span class=\"texto-recuadrado\">Proth\u00e8se amovible<\/span><\/p>\n<p>Ce type de proth\u00e8ses s&rsquo;appuie sur la gencive et utilise des crochets fix\u00e9s sur les dents voisines. Il peut \u00eatre utilis\u00e9 de mani\u00e8re provisoire ou d\u00e9finitive, pour la substitution de plusieurs ou toutes les dents de la bouche.<\/p>\n<\/div>\n<\/div><\/div><div class=\"col-md-6     text-left small-screen-default\"  ><div class=\"texto-explicativo element-short-top element-medium-bottom\" data-os-animation=\"none\" data-os-animation-delay=\"0s\">\n    <p><span class=\"texto-recuadrado\">La proth\u00e8se dentaire est pour la vie?<\/span><\/p>\n<p>Nous essayons, en am\u00e9liorant la qualit\u00e9 de nos mat\u00e9riaux, que les proth\u00e8ses durent un maximum d&rsquo;ann\u00e9es. Nous obtenons aujourd&rsquo;hui une dur\u00e9e de vie moyenne sup\u00e9rieure \u00e0 15 ans, mais il est impossible de les garantir toute la vie.<\/p>\n<p>&nbsp;<\/p>\n<p><span class=\"texto-recuadrado\">Les dentiers peuvent-elles \u00eatre remplac\u00e9es par des implants?<\/span><\/p>\n<p>Les dentiers se posent quand aucune dent n&rsquo;a subsist\u00e9 et ne sont pas confortables \u00e0 porter, tout particuli\u00e8rement les inf\u00e9rieurs. M\u00eame si le dentier a \u00e9t\u00e9 utilis\u00e9 pendant de nombreuses ann\u00e9es il est toujours possible de poser des implants et de changer cette proth\u00e8se amovible en une proth\u00e8se fixe.<\/p>\n<p>&nbsp;<\/p>\n<p><span class=\"texto-recuadrado\">En quel mat\u00e9riau sont fabriqu\u00e9es les proth\u00e8ses?<\/span><\/p>\n<p>Les proth\u00e8ses peuvent \u00eatre en porcelaine ou en r\u00e9sine. Celles en porcelaine sont de la meilleure qualit\u00e9 qu&rsquo;il est possible d&rsquo;offrir gr\u00e2ce \u00e0 leur duret\u00e9, esth\u00e9tique et ajustement. Dans certains cas les proth\u00e8ses sont fabriqu\u00e9es en r\u00e9sine pour leur forme, et tout sp\u00e9cialement dans le cas de pose sur implants.<\/p>\n<\/div><\/div><\/div><div class=\"box box-round box-mini icono-subir element-medium-top element-no-bottom\" data-os-animation=\"none\" data-os-animation-delay=\"0s\">\n    <div class=\"box-dummy\"><\/div>\n            <a class=\"box-inner  grid-overlay-0\" href=\"#iconos-tratamientos\" style=\"background-color:#e0e0e0\">\n        <div class=\"box-animate\" data-animation=\"bounce\" style=\"stroke:#000000;\">\n        <svg version=\"1.1\" xmlns=\"http:\/\/www.w3.org\/2000\/svg\" xmlns:xlink=\"http:\/\/www.w3.org\/1999\/xlink\" viewBox=\"0 0 100 100\"  preserveaspectratio=\"none\">\n<g >\n    <polyline display=\"inline\" fill=\"none\" stroke-width=\"1\" stroke-miterlimit=\"10\" points=\"36.412,57.616\n        50.943,42.382 65.475,57.616     \"\/>\n<\/g>\n<\/svg>\n    <\/div>\n            <\/a>\n    <\/div><div class=\"peque margen-peque element-no-top element-medium-bottom\" data-os-animation=\"none\" data-os-animation-delay=\"0s\">\n    <p><a href=\"#iconos-tratamientos\">Retour aux traitements<\/a><\/p>\n<\/div><\/div>        <\/div>\n    <\/div>\n<\/section>\n<section class=\"section swatch-para-fondo-blanco  section-text-no-shadow section-inner-no-shadow section-normal section-opaque\" id=\"radiologia\"  data-label=\"\">\n    \n    <div class=\"background-overlay grid-overlay-0 \" style=\"background-color: rgba(0,0,0,0);\"><\/div>\n\n    <div class=\"container\">\n        <div class=\"row vertical-top\">\n            <div class=\"col-md-12     text-center small-screen-default\"  ><header class=\"text-default  element-medium-top element-medium-bottom not-condensed\" data-os-animation=\"none\" data-os-animation-delay=\"0s\" >\n    <h1 class=\"normal regular no-bordered-header bordered-normal\" >\n        Radiologie    <\/h1>\n            <p class=\"lead\" >Radiation minimum<\/p>\n    <\/header>\n<div class=\"figure  element-no-top element-short-bottom image-filter-none image-filter-onhover fade-in text-center figcaption-middle normalwidth\" data-os-animation=\"none\" data-os-animation-delay=\"0s\">\n            <span class=\"figure-image\">\n    \n    <img decoding=\"async\" data-src=\"https:\/\/institutodentalinternacional.com\/wp-content\/uploads\/2016\/07\/tratamiento-radiologia-1.png\"   class=\"normalwidth lazyload\" src=\"data:image\/svg+xml;base64,PHN2ZyB3aWR0aD0iMSIgaGVpZ2h0PSIxIiB4bWxucz0iaHR0cDovL3d3dy53My5vcmcvMjAwMC9zdmciPjwvc3ZnPg==\" style=\"--smush-placeholder-width: 600px; --smush-placeholder-aspect-ratio: 600\/300;\" \/>    \n            <\/span>\n    \n<\/div><div class=\" element-short-top element-short-bottom\" data-os-animation=\"none\" data-os-animation-delay=\"0s\">\n    <p>Dans l&rsquo;actualit\u00e9, le concept de radiologie dentaire a \u00e9volu\u00e9, se convertissant en radiologie num\u00e9rique avec beaucoup moins d&rsquo;exposition pour les patients.<\/p>\n<\/div><div class=\"row \"><div class=\"col-md-6     text-left small-screen-default\"  ><div class=\"texto-explicativo element-short-top element-short-bottom\" data-os-animation=\"none\" data-os-animation-delay=\"0s\">\n    <p>Nous ne voulons pas nous limiter \u00e0 un seul plan et pour cela nous utilisons les syst\u00e8mes 3D comme le TAC qui nous apportent une information plus pr\u00e9cise sur la forme des dents et des os qui les supportent.<\/p>\n<\/div><\/div><div class=\"col-md-6     text-left small-screen-default\"  ><div class=\"texto-explicativo element-short-top element-short-bottom\" data-os-animation=\"none\" data-os-animation-delay=\"0s\">\n    <p><strong>Scanner de faisceau conique<\/strong> i-CAT \/ TAC num\u00e9rique en 3 dimensions.<br \/>\n<strong>Orthopantomographie<\/strong>: L&rsquo;Orthopantomographie est num\u00e9rique ce qui nous permet d&rsquo;obtenir des r\u00e9sultats en moins de 5 minutes.<br \/>\n<strong>Radiologie intrabucale.<\/strong><\/p>\n<\/div><\/div><\/div><div class=\"box box-round box-mini icono-subir element-medium-top element-no-bottom\" data-os-animation=\"none\" data-os-animation-delay=\"0s\">\n    <div class=\"box-dummy\"><\/div>\n            <a class=\"box-inner  grid-overlay-0\" href=\"#iconos-tratamientos\" style=\"background-color:#e0e0e0\">\n        <div class=\"box-animate\" data-animation=\"bounce\" style=\"stroke:#000000;\">\n        <svg version=\"1.1\" xmlns=\"http:\/\/www.w3.org\/2000\/svg\" xmlns:xlink=\"http:\/\/www.w3.org\/1999\/xlink\" viewBox=\"0 0 100 100\"  preserveaspectratio=\"none\">\n<g >\n    <polyline display=\"inline\" fill=\"none\" stroke-width=\"1\" stroke-miterlimit=\"10\" points=\"36.412,57.616\n        50.943,42.382 65.475,57.616     \"\/>\n<\/g>\n<\/svg>\n    <\/div>\n            <\/a>\n    <\/div><div class=\"peque margen-peque element-no-top element-medium-bottom\" data-os-animation=\"none\" data-os-animation-delay=\"0s\">\n    <p><a href=\"#iconos-tratamientos\">Retour aux traitements<\/a><\/p>\n<\/div><\/div>        <\/div>\n    <\/div>\n<\/section>\n<section class=\"section swatch-para-fondo-blanco  section-text-no-shadow section-inner-no-shadow section-normal section-opaque\" id=\"periodoncia\"  data-label=\"\">\n    \n    <div class=\"background-overlay grid-overlay-0 \" style=\"background-color: rgba(242,242,242,1);\"><\/div>\n\n    <div class=\"container\">\n        <div class=\"row vertical-top\">\n            <div class=\"col-md-12     text-center small-screen-default\"  ><header class=\"text-default  element-medium-top element-medium-bottom not-condensed\" data-os-animation=\"none\" data-os-animation-delay=\"0s\" >\n    <h1 class=\"normal regular no-bordered-header bordered-normal\" >\n        Parodontie    <\/h1>\n            <p class=\"lead\" >Votre sant\u00e9 une priorit\u00e9<\/p>\n    <\/header>\n<div class=\"figure  element-no-top element-short-bottom image-filter-none image-filter-onhover fade-in text-center figcaption-middle normalwidth\" data-os-animation=\"none\" data-os-animation-delay=\"0s\">\n            <span class=\"figure-image\">\n    \n    <img decoding=\"async\" data-src=\"https:\/\/institutodentalinternacional.com\/wp-content\/uploads\/2016\/07\/tratamiento-periodoncia-1.png\"   class=\"normalwidth lazyload\" src=\"data:image\/svg+xml;base64,PHN2ZyB3aWR0aD0iMSIgaGVpZ2h0PSIxIiB4bWxucz0iaHR0cDovL3d3dy53My5vcmcvMjAwMC9zdmciPjwvc3ZnPg==\" style=\"--smush-placeholder-width: 600px; --smush-placeholder-aspect-ratio: 600\/300;\" \/>    \n            <\/span>\n    \n<\/div><div class=\" element-short-top element-short-bottom\" data-os-animation=\"none\" data-os-animation-delay=\"0s\">\n    <p>On croit souvent qu&rsquo;un saignement des gencives est \u00ab\u00a0normal\u00a0\u00bb. Cette affirmation est totalement \u00e9rron\u00e9e. La gencive doit \u00eatre bien coll\u00e9e sur la dent pour isoler l&rsquo;os de l&rsquo;ext\u00e9rieur. S&rsquo;il y a saignement, cela signifie qu&rsquo;il existe une communication de l&rsquo;ext\u00e9rieur vers l&rsquo;int\u00e9rieur qui contaminera et d\u00e9truira, avec le temps, l&rsquo;os de support dentaire et qui provoquera la perte des dents.<\/p>\n<\/div><div class=\"row \"><div class=\"col-md-6     text-left small-screen-default\"  ><div class=\"texto-explicativo element-short-top element-medium-bottom\" data-os-animation=\"none\" data-os-animation-delay=\"0s\">\n    <p>Les maladies parodontales qui peuvent \u00eatre trait\u00e9es par la parondontie sont la gingivite et la parodontite (pyorrh\u00e9e). Elles sont tr\u00e8s fr\u00e9quentes et sont caus\u00e9es par les bact\u00e9ries que nous avons dans la bouche et sont transmissibles. Quand ces bact\u00e9ries ne sont pas \u00e9limin\u00e9es correcetment, elles atteignent les gencives causant une inflammation qui se transmet en-dessous de celle-ci d\u00e9truisant l&rsquo;os et les tissus dentaires.<\/p>\n<p>&nbsp;<\/p>\n<p><span class=\"texto-recuadrado\">Insert de gencive<\/span><\/p>\n<p>Un insert de gencive est recommand\u00e9 pour les cas o\u00f9 les dents laissent apperent la racine pour une gencive retract\u00e9e. Il consiste en une intervention chirurgique avec anesth\u00e9sie locale en utilisant des techniques de microchirurgie. Dans la majorit\u00e9 des cas, il faut prendre des tissus de gencive du palais et de l&rsquo;ins\u00e9rer sur la z\u00f4ne de racine \u00e0 couvrir. Il s&rsquo;agit d&rsquo;un acte chirurgical simple, peu traumatique et avec un post-op\u00e9ratoire excellent sans pratiquement de g\u00eane.<\/p>\n<\/div><\/div><div class=\"col-md-6     text-left small-screen-default\"  ><div class=\"texto-explicativo element-short-top element-medium-bottom\" data-os-animation=\"none\" data-os-animation-delay=\"0s\">\n    <p><span class=\"texto-recuadrado\">Microchirurgie parodontale<\/span><\/p>\n<p>Dans les cas les plus avanc\u00e9s et avec grosse perte d&rsquo;os, il est n\u00e9cessaire de manipuler la gencive, y acc\u00e8der en-dessous et ainsi d\u00e9contaminer les racines dentaires o\u00f9 elle s&rsquo;est d\u00e9pos\u00e9e sous la forme de calculs durcis, la flor bact\u00e9rienne dentaire.<\/p>\n<p>&nbsp;<\/p>\n<p><span class=\"texto-recuadrado\">R\u00e9g\u00e9neration oseuse parodontale<\/span><\/p>\n<p>Quand cela est n\u00e9cessaire nous pouvons utiliser des techniques de r\u00e9g\u00e9neration osseuse pour r\u00e9cup\u00e8rer partie de l&rsquo;os perdu. Aujourd&rsquo;hui des mat\u00e9riaux bio-conducteurs \u00e0 facteur de croissance sont utilis\u00e9s qui permettent de r\u00e9g\u00e9nerer l&rsquo;os avec de bons r\u00e9sultats quand les conditions anatomiques du patient sont favorables.<\/p>\n<\/div><\/div><\/div><div class=\"box box-round box-mini icono-subir element-medium-top element-no-bottom\" data-os-animation=\"none\" data-os-animation-delay=\"0s\">\n    <div class=\"box-dummy\"><\/div>\n            <a class=\"box-inner  grid-overlay-0\" href=\"#iconos-tratamientos\" style=\"background-color:#e0e0e0\">\n        <div class=\"box-animate\" data-animation=\"bounce\" style=\"stroke:#000000;\">\n        <svg version=\"1.1\" xmlns=\"http:\/\/www.w3.org\/2000\/svg\" xmlns:xlink=\"http:\/\/www.w3.org\/1999\/xlink\" viewBox=\"0 0 100 100\"  preserveaspectratio=\"none\">\n<g >\n    <polyline display=\"inline\" fill=\"none\" stroke-width=\"1\" stroke-miterlimit=\"10\" points=\"36.412,57.616\n        50.943,42.382 65.475,57.616     \"\/>\n<\/g>\n<\/svg>\n    <\/div>\n            <\/a>\n    <\/div><div class=\"peque margen-peque element-no-top element-medium-bottom\" data-os-animation=\"none\" data-os-animation-delay=\"0s\">\n    <p><a href=\"#iconos-tratamientos\">Retour aux traitements<\/a><\/p>\n<\/div><\/div>        <\/div>\n    <\/div>\n<\/section>\n<section class=\"section swatch-para-fondo-blanco  section-text-no-shadow section-inner-no-shadow section-normal section-opaque\" id=\"prevencion\"  data-label=\"\">\n    \n    <div class=\"background-overlay grid-overlay-0 \" style=\"background-color: rgba(0,0,0,0);\"><\/div>\n\n    <div class=\"container\">\n        <div class=\"row vertical-top\">\n            <div class=\"col-md-12     text-center small-screen-default\"  ><header class=\"text-default  element-medium-top element-medium-bottom not-condensed\" data-os-animation=\"none\" data-os-animation-delay=\"0s\" >\n    <h1 class=\"normal regular no-bordered-header bordered-normal\" >\n        Pr\u00e9vention    <\/h1>\n            <p class=\"lead\" >La meilleure d\u00e9fense<\/p>\n    <\/header>\n<div class=\"figure  element-no-top element-short-bottom image-filter-none image-filter-onhover fade-in text-center figcaption-middle normalwidth\" data-os-animation=\"none\" data-os-animation-delay=\"0s\">\n            <span class=\"figure-image\">\n    \n    <img decoding=\"async\" data-src=\"https:\/\/institutodentalinternacional.com\/wp-content\/uploads\/2016\/07\/tratamiento-prevencion-1.png\"   class=\"normalwidth lazyload\" src=\"data:image\/svg+xml;base64,PHN2ZyB3aWR0aD0iMSIgaGVpZ2h0PSIxIiB4bWxucz0iaHR0cDovL3d3dy53My5vcmcvMjAwMC9zdmciPjwvc3ZnPg==\" style=\"--smush-placeholder-width: 600px; --smush-placeholder-aspect-ratio: 600\/300;\" \/>    \n            <\/span>\n    \n<\/div><div class=\" element-short-top element-short-bottom\" data-os-animation=\"none\" data-os-animation-delay=\"0s\">\n    <p>Notre premier objectif, bien avant les traitements dentaires, est la pr\u00e9vention de l&rsquo;apparition de probl\u00e8mes. Etant donn\u00e9 que la principale cause de la majorit\u00e9 des probl\u00e8mes dentaires est la plaque bact\u00e9rienne sur les dents, notre but sera de l&rsquo;\u00e9liminer.<\/p>\n<p>Il faut savoir que la plaque bact\u00e9rienne contient plusieurs sortes de bact\u00e9ries. Certaines sont la cause des caries dentaires (en d\u00e9truisant l&rsquo;\u00e9mail dentaire) d&rsquo;autres sont la cause de probl\u00e8mes de gencives (gingivite et parodontie) en d\u00e9collant la gencive des dans et en r\u00e9absorbant l&rsquo;os que les supportent.<\/p>\n<\/div><div class=\"row \"><div class=\"col-md-6     text-left small-screen-default\"  ><div class=\"texto-explicativo element-short-top element-short-bottom\" data-os-animation=\"none\" data-os-animation-delay=\"0s\">\n    <p><span class=\"texto-recuadrado\">Programme de pr\u00e9vention<\/span><\/p>\n<p>Comment \u00e9viter l&rsquo;accumulation de plaque dentaire bact\u00e9rienne entre les dents tant pr\u00e9judiciable ? TR\u00c8S FACILE. Avec un programme de pr\u00e9vention qui s&rsquo;appuie sur 2 bases:<\/p>\n<p><strong>A) Gr\u00e2ce \u00e0 une hygi\u00e8ne bucale quotidienne correcte<\/strong> chez nous qui souvent recquiert d&rsquo;un apprentissage et des fois d&rsquo;un suivi d&rsquo;un hygi\u00e9niste.<\/p>\n<p><strong>B) Venant \u00e0 des s\u00e9ances de d\u00e9tartrage p\u00e9riodiques<\/strong> pour \u00e9liminer la plaque dentaire et le tartre. La p\u00e9riodicit\u00e9 oscille entre chaque 4 mois et un an.<\/p>\n<p>Si vous respectez notre programme de pr\u00e9vention vous profiterez plus longtemps de vos dents, vous aurez moins de probl\u00e8mes, moins de g\u00eanes, vous \u00e9conomiserez temps et argent.<\/p>\n<\/div><\/div><div class=\"col-md-6     text-left small-screen-default\"  ><div class=\"texto-explicativo element-short-top element-short-bottom\" data-os-animation=\"none\" data-os-animation-delay=\"0s\">\n    <p>Ce programme de pr\u00e9vention de la sant\u00e9 bucale a des aspects sp\u00e9cifiques pour les patients d\u00e9j\u00e0 trait\u00e9s, pour augmenter la durabilit\u00e9 des traitements r\u00e9alis\u00e9s et pour \u00e9viter de d\u00e9velopper de nouveaux probl\u00e8mes.<\/p>\n<p>&nbsp;<\/p>\n<p><span class=\"texto-recuadrado\">Hygi\u00e8ne<\/span><\/p>\n<p>Les personnes avec une bouche saine doivent aussi avoir une hygi\u00e8ne pr\u00e9ventive, p\u00e9riodique et professionnelle de l&rsquo;\u00e9limination de la plaque dentaire et du tartre. Ainsi vous pourrez profiter d&rsquo;une bouche saine, propre et esth\u00e9tique.<\/p>\n<\/div><\/div><\/div><div class=\"box box-round box-mini icono-subir element-medium-top element-no-bottom\" data-os-animation=\"none\" data-os-animation-delay=\"0s\">\n    <div class=\"box-dummy\"><\/div>\n            <a class=\"box-inner  grid-overlay-0\" href=\"#iconos-tratamientos\" style=\"background-color:#e0e0e0\">\n        <div class=\"box-animate\" data-animation=\"bounce\" style=\"stroke:#000000;\">\n        <svg version=\"1.1\" xmlns=\"http:\/\/www.w3.org\/2000\/svg\" xmlns:xlink=\"http:\/\/www.w3.org\/1999\/xlink\" viewBox=\"0 0 100 100\"  preserveaspectratio=\"none\">\n<g >\n    <polyline display=\"inline\" fill=\"none\" stroke-width=\"1\" stroke-miterlimit=\"10\" points=\"36.412,57.616\n        50.943,42.382 65.475,57.616     \"\/>\n<\/g>\n<\/svg>\n    <\/div>\n            <\/a>\n    <\/div><div class=\"peque margen-peque element-no-top element-medium-bottom\" data-os-animation=\"none\" data-os-animation-delay=\"0s\">\n    <p><a href=\"#iconos-tratamientos\">Retour aux traitements<\/a><\/p>\n<\/div><\/div>        <\/div>\n    <\/div>\n<\/section>\n<section class=\"section swatch-para-fondo-blanco  section-text-no-shadow section-inner-no-shadow section-normal section-opaque\" id=\"ferula\"  data-label=\"\">\n    \n    <div class=\"background-overlay grid-overlay-0 \" style=\"background-color: rgba(242,242,242,1);\"><\/div>\n\n    <div class=\"container\">\n        <div class=\"row vertical-top\">\n            <div class=\"col-md-12     text-center small-screen-default\"  ><header class=\"text-default  element-medium-top element-medium-bottom not-condensed\" data-os-animation=\"none\" data-os-animation-delay=\"0s\" >\n    <h1 class=\"normal regular no-bordered-header bordered-normal\" >\n        Goutti\u00e8res anti-grincements et goutti\u00e8res anti-ronflements    <\/h1>\n            <p class=\"lead\" >Reposez-vous mieux<\/p>\n    <\/header>\n<div class=\"figure  element-no-top element-short-bottom image-filter-none image-filter-onhover fade-in text-center figcaption-middle normalwidth\" data-os-animation=\"none\" data-os-animation-delay=\"0s\">\n            <span class=\"figure-image\">\n    \n    <img decoding=\"async\" data-src=\"https:\/\/institutodentalinternacional.com\/wp-content\/uploads\/2016\/07\/tratamiento-ferula-2.png\"   class=\"normalwidth lazyload\" src=\"data:image\/svg+xml;base64,PHN2ZyB3aWR0aD0iMSIgaGVpZ2h0PSIxIiB4bWxucz0iaHR0cDovL3d3dy53My5vcmcvMjAwMC9zdmciPjwvc3ZnPg==\" style=\"--smush-placeholder-width: 600px; --smush-placeholder-aspect-ratio: 600\/300;\" \/>    \n            <\/span>\n    \n<\/div><div class=\"row \"><div class=\"col-md-12     text-left small-screen-default\"  ><div class=\"texto-explicativo element-short-top element-medium-bottom\" data-os-animation=\"none\" data-os-animation-delay=\"0s\">\n    <p><span class=\"texto-recuadrado\">Goutti\u00e8res anti-grincements<\/span><\/p>\n<p>Il consiste en un apareil dentaire bucal en plastique qui se place sur une des arcades dentaires pour \u00e9viter les contacts entre les dents, il sert \u00e0 relever la mandibule vers une position articulairement plus ad\u00e9quate lorsqu&rsquo;il est mordu, que ce soit pour \u00ab\u00a0oublier\u00a0\u00bb les positions mandibulaires inappropri\u00e9es ou incorrectes des dents lorsqu&rsquo;elles sont serr\u00e9es ou pour \u00e9viter l&rsquo;usure des dents (bruxisme) car le plastique est plus souple que les dents et s&rsquo;use avant.<\/p>\n<\/div><div class=\"texto-explicativo element-short-top element-no-bottom\" data-os-animation=\"none\" data-os-animation-delay=\"0s\">\n    <p><span class=\"texto-recuadrado\">Goutti\u00e8re anti-ronflements<\/span><\/p>\n<p>L&rsquo;appareil Orthoapnea\u00ae est une proth\u00e8se brevet\u00e9e de type goutti\u00e8re cr\u00e9\u00e9e comme solution pour le ronflement et l&rsquo;apn\u00e9e obstructive du sommeil (l\u00e9g\u00e8re et mod\u00e8r\u00e9e), ainsi que pour le syndrome de r\u00e9sistance augment\u00e9e de la voie a\u00e9rienne sup\u00e9rieure (SRVAS) et pour les patients avec une apn\u00e9e grave qui ne tol\u00e8rent pas la CPAP. Il est aussi efficace pour traiter le bruxisme puisqu&rsquo;en avan\u00e7ant la mandibule il limite en partie les mouvements lat\u00e9raux qui apparaissent avec ce probl\u00e8me.<\/p>\n<\/div><div class=\"texto-explicativo element-no-top element-medium-bottom\" data-os-animation=\"none\" data-os-animation-delay=\"0s\">\n    <p>La caract\u00e9ristique principale de cette proth\u00e8se de progression mandibulaire est sa progression millim\u00e8trique contr\u00f4l\u00e9e qui permet dans le cas d&rsquo;une mandibule avanc\u00e9e de la faire r\u00e9troceder. La combinaison de la lateralit\u00e9, de la progression et de l&rsquo;ouverture n&rsquo;avait jamais \u00e9t\u00e9 r\u00e9alis\u00e9e en un m\u00eame dispositif, qui est donc le plus moderne existant dans le domaine de l&rsquo;apparatologie. C&rsquo;est le seul syst\u00e8me qui peut \u00eatre utilis\u00e9 sur toutes sorte de dentition, sur des patients avec des dentiers, proth\u00e8ses fixes sur implants et \u00e9dent\u00e9s sur la partie sup\u00e9rieure.<\/p>\n<\/div><\/div><\/div><div class=\"box box-round box-mini icono-subir element-medium-top element-no-bottom\" data-os-animation=\"none\" data-os-animation-delay=\"0s\">\n    <div class=\"box-dummy\"><\/div>\n            <a class=\"box-inner  grid-overlay-0\" href=\"#iconos-tratamientos\" style=\"background-color:#e0e0e0\">\n        <div class=\"box-animate\" data-animation=\"bounce\" style=\"stroke:#000000;\">\n        <svg version=\"1.1\" xmlns=\"http:\/\/www.w3.org\/2000\/svg\" xmlns:xlink=\"http:\/\/www.w3.org\/1999\/xlink\" viewBox=\"0 0 100 100\"  preserveaspectratio=\"none\">\n<g >\n    <polyline display=\"inline\" fill=\"none\" stroke-width=\"1\" stroke-miterlimit=\"10\" points=\"36.412,57.616\n        50.943,42.382 65.475,57.616     \"\/>\n<\/g>\n<\/svg>\n    <\/div>\n            <\/a>\n    <\/div><div class=\"peque margen-peque element-no-top element-medium-bottom\" data-os-animation=\"none\" data-os-animation-delay=\"0s\">\n    <p><a href=\"#iconos-tratamientos\">Retour aux traitements<\/a><\/p>\n<\/div><\/div>        <\/div>\n    <\/div>\n<\/section>\n<section class=\"section swatch-para-fondo-blanco  section-text-no-shadow section-inner-no-shadow section-normal section-opaque\"  data-label=\"\">\n            <div class=\"background-media lazyload\" style=\"background-image:inherit; background-repeat:no-repeat; background-size:cover; background-attachment:no-scroll; background-position: 50% 0%;\"  data-bg-image=\"url(&#039;https:\/\/institutodentalinternacional.com\/wp-content\/uploads\/2016\/07\/fondo-mosaico.jpg&#039;)\">\n                    <\/div>\n    \n    <div class=\"background-overlay grid-overlay-0 \" style=\"background-color: rgba(0,0,0,0);\"><\/div>\n\n    <div class=\"container\">\n        <div class=\"row vertical-top\">\n            <div class=\"col-md-12     text-center small-screen-default\"  ><header class=\"text-default  element-medium-top element-short-bottom not-condensed\" data-os-animation=\"none\" data-os-animation-delay=\"0s\" >\n    <h1 class=\"normal regular no-bordered-header bordered-normal\" >\n        Garantie de qualit\u00e9    <\/h1>\n            <p class=\"lead\" >pour tous nos traitements<\/p>\n    <\/header>\n<a href=\"\/fr\/prenez-rendez-vous\" class=\"btn btn-primary   btn-icon-left pidecita element-no-top element-short-bottom\" target= \"_blank\" data-os-animation=\"none\" data-os-animation-delay=\"0s \"  >\n\tSollicitez un rendez-vous ici \t\t\t<span> <i class=\"fa fa-angle-right\"   ><\/i> <\/span>\n\t<\/a>\n<p class=\"lead text-center center  element-no-top element-medium-bottom\" data-os-animation=\"none\" data-os-animation-delay=\"0s\">Ou appelez-nous au \u00a0\u00a0<i class=\"icono-grande fa fa-phone\"><\/i>\u00a0\u00a0<strong>+34 965 436 309<\/strong><\/p><\/div>        <\/div>\n    <\/div>\n<\/section>\n\n","protected":false},"excerpt":{"rendered":"Implants dentaires. Qualit\u00e9 maximum certifi\u00e9e. Les implants dentaires sont des racines artificielles en titane qui sont ins\u00e8r\u00e9es dans l'os du patient et servent de support aux proth\u00e8ses fixes. Les dents ont un aspect naturel et elles r\u00e9cup\u00e8rent les sensations de fermet\u00e9 et confort de nos propre dents. Information sur les implants Chirurgie guid\u00e9e par ordinateur","protected":false},"author":4,"featured_media":0,"parent":0,"menu_order":0,"comment_status":"closed","ping_status":"closed","template":"","meta":{"footnotes":""},"class_list":["post-2209","page","type-page","status-publish","hentry"],"_links":{"self":[{"href":"https:\/\/institutodentalinternacional.com\/fr\/wp-json\/wp\/v2\/pages\/2209","targetHints":{"allow":["GET"]}}],"collection":[{"href":"https:\/\/institutodentalinternacional.com\/fr\/wp-json\/wp\/v2\/pages"}],"about":[{"href":"https:\/\/institutodentalinternacional.com\/fr\/wp-json\/wp\/v2\/types\/page"}],"author":[{"embeddable":true,"href":"https:\/\/institutodentalinternacional.com\/fr\/wp-json\/wp\/v2\/users\/4"}],"replies":[{"embeddable":true,"href":"https:\/\/institutodentalinternacional.com\/fr\/wp-json\/wp\/v2\/comments?post=2209"}],"version-history":[{"count":14,"href":"https:\/\/institutodentalinternacional.com\/fr\/wp-json\/wp\/v2\/pages\/2209\/revisions"}],"predecessor-version":[{"id":3235,"href":"https:\/\/institutodentalinternacional.com\/fr\/wp-json\/wp\/v2\/pages\/2209\/revisions\/3235"}],"wp:attachment":[{"href":"https:\/\/institutodentalinternacional.com\/fr\/wp-json\/wp\/v2\/media?parent=2209"}],"curies":[{"name":"wp","href":"https:\/\/api.w.org\/{rel}","templated":true}]}}