{"id":2194,"date":"2016-08-02T10:26:46","date_gmt":"2016-08-02T08:26:46","guid":{"rendered":"https:\/\/institutodentalinternacional.com\/dentistas-alicante\/?lang=fr"},"modified":"2022-09-29T12:52:04","modified_gmt":"2022-09-29T10:52:04","slug":"notre-equipe","status":"publish","type":"page","link":"https:\/\/institutodentalinternacional.com\/fr\/notre-equipe\/","title":{"rendered":"Notre equipe"},"content":{"rendered":"<section class=\"section swatch-white  section-text-no-shadow section-inner-no-shadow section-normal section-opaque\"  data-label=\"\">\n    \n    <div class=\"background-overlay grid-overlay-0 \" style=\"background-color: rgba(0,0,0,0);\"><\/div>\n\n    <div class=\"container-fullwidth\">\n        <div class=\"row vertical-top\">\n            <div class=\"col-md-12     text-default small-screen-default\"  ><div class=\"\"><script type=\"text\/javascript\">jQuery(function() { _initLayerSlider( '#layerslider_15_151143ezfe6qv', {sliderVersion: '6.8.4', responsiveUnder: 0, layersContainer: 0, allowFullscreen: true, slideBGSize: 'auto', hideUnder: 0, hideOver: 100000, pauseOnHover: 1, skin: 'v5', sliderFadeInDuration: 350, useSrcset: true, skinsPath: 'https:\/\/institutodentalinternacional.com\/wp-content\/plugins\/LayerSlider\/assets\/static\/layerslider\/skins\/', performanceMode: true}); });<\/script><div id=\"layerslider_15_151143ezfe6qv\" class=\"ls-wp-container fitvidsignore\" style=\"width:1000px;height:300px;margin:0 auto;margin-bottom: 0px;\"><div class=\"ls-slide\" data-ls=\"duration:4000;\"><img decoding=\"async\" width=\"1920\" height=\"717\" src=\"https:\/\/institutodentalinternacional.com\/wp-content\/uploads\/2016\/08\/DSC0208-2.jpg\" class=\"ls-bg\" alt=\"\" srcset=\"https:\/\/institutodentalinternacional.com\/wp-content\/uploads\/2016\/08\/DSC0208-2.jpg 1920w, https:\/\/institutodentalinternacional.com\/wp-content\/uploads\/2016\/08\/DSC0208-2-300x112.jpg 300w, https:\/\/institutodentalinternacional.com\/wp-content\/uploads\/2016\/08\/DSC0208-2-768x287.jpg 768w, https:\/\/institutodentalinternacional.com\/wp-content\/uploads\/2016\/08\/DSC0208-2-1024x382.jpg 1024w\" sizes=\"(max-width: 1920px) 100vw, 1920px\" \/><p style=\"padding-top:40px;padding-right:40px;padding-bottom:50px;padding-left:40px;font-size:24px;color:rgba(255, 255, 255, 0.99);background:#b65c81;top:50%;left:50%;white-space:normal;\" class=\"ls-l ls-text-layer\" data-ls=\"offsetxin:80;offsetxout:-80;durationout:400;parallaxlevel:0;\">Professionnels sp\u00e9cialis\u00e9s<br><strong>pour apporter les meilleures solutions<\/strong><\/p><\/div><\/div><\/div><\/div>        <\/div>\n    <\/div>\n<\/section>\n<section class=\"section swatch-para-fondo-blanco  section-text-no-shadow section-inner-no-shadow section-normal section-opaque\"  data-label=\"\">\n    \n    <div class=\"background-overlay grid-overlay-0 \" style=\"background-color: rgba(0,0,0,0);\"><\/div>\n\n    <div class=\"container\">\n        <div class=\"row vertical-top\">\n            <div class=\"col-md-12     text-center small-screen-default\"  ><header class=\"text-default  element-medium-top element-short-bottom not-condensed\" data-os-animation=\"none\" data-os-animation-delay=\"0s\" >\n    <h1 class=\"normal regular no-bordered-header bordered-normal\" >\n        Notre equipe    <\/h1>\n    <\/header>\n<div class=\" element-short-top element-medium-bottom\" data-os-animation=\"none\" data-os-animation-delay=\"0s\">\n    <p>Nos dentistes et notre personnel auxiliaire seront toujours pr\u00eats et dispos\u00e9s \u00e0 satisfaire vos requ\u00eates et besoins, et nos techniciens de laboratoire, m\u00e9ticuleusement s\u00e9lectionn\u00e9s utiliseront toute leur dext\u00e9rit\u00e9 pour recr\u00e9er le sourire de vos r\u00eaves.<\/p>\n<\/div><\/div>        <\/div>\n    <\/div>\n<\/section>\n<section class=\"section swatch-para-fondo-blanco  section-text-no-shadow section-inner-no-shadow section-normal section-opaque\"  data-label=\"\">\n    \n    <div class=\"background-overlay grid-overlay-0 \" style=\"background-color: rgba(0,0,0,0);\"><\/div>\n\n    <div class=\"container\">\n        <div class=\"row vertical-top\">\n            <div class=\"col-md-6     text-center small-screen-default\"  ><div class=\"figure fotos-cv element-short-top element-no-bottom image-filter-none image-filter-onhover fade-in text-center figcaption-middle normalwidth\" data-os-animation=\"none\" data-os-animation-delay=\"0s\">\n            <span class=\"figure-image\">\n    \n    <img decoding=\"async\" data-src=\"https:\/\/institutodentalinternacional.com\/wp-content\/uploads\/2016\/07\/dr-hector-tafalla.png\"   class=\"normalwidth lazyload\" src=\"data:image\/svg+xml;base64,PHN2ZyB3aWR0aD0iMSIgaGVpZ2h0PSIxIiB4bWxucz0iaHR0cDovL3d3dy53My5vcmcvMjAwMC9zdmciPjwvc3ZnPg==\" style=\"--smush-placeholder-width: 528px; --smush-placeholder-aspect-ratio: 528\/650;\" \/>    \n            <\/span>\n    \n<\/div><\/div><div class=\"col-md-6     text-Default small-screen-center\"  ><div class=\"divider-wrapper\" style=\"visibility:hidden;background-color:\">\n    <div class=\"visible-xs\" style=\"height:24px;\"><\/div>\n    <div class=\"visible-sm\" style=\"height:24px;\"><\/div>\n    <div class=\"visible-md\" style=\"height:136px;\"><\/div>\n    <div class=\"visible-lg\" style=\"height:136px;\"><\/div>\n<\/div><div class=\"titulo-granate element-short-top element-no-bottom\" data-os-animation=\"none\" data-os-animation-delay=\"0s\">\n    <p>Dr. H\u00e9ctor Tafalla Pastor<\/p>\n<\/div><div class=\"peque element-no-top element-short-bottom\" data-os-animation=\"none\" data-os-animation-delay=\"0s\">\n    <p><strong>Directeur M\u00e9dical IDI<\/strong><\/p>\n<p>Dentiste inscrit au Conseil de l&rsquo;ordre \/ 03003236<\/p>\n<\/div><a href=\"\" class=\"btn btn-primary  popmake-popup-cv-hector-fr btn-icon-left  element-no-top element-medium-bottom\" target= \"_self\" data-os-animation=\"none\" data-os-animation-delay=\"0s \"  >\n\tVoir CV \t\t\t<span> <i class=\"fa fa-file\"   ><\/i> <\/span>\n\t<\/a>\n<\/div>        <\/div>\n    <\/div>\n<\/section>\n<section class=\"section swatch-bloque-fondo-gris  section-text-no-shadow section-inner-no-shadow section-normal section-opaque\"  data-label=\"\">\n    \n    <div class=\"background-overlay grid-overlay-0 \" style=\"background-color: rgba(182,92,129,0.2);\"><\/div>\n\n    <div class=\"container\">\n        <div class=\"row vertical-top\">\n            <div class=\"col-md-6     text-center small-screen-default\"  ><div class=\"figure fotos-equipo element-medium-top element-short-bottom image-filter-none image-filter-onhover fade-in text-center figcaption-middle fullwidth\" data-os-animation=\"none\" data-os-animation-delay=\"0s\">\n            <span class=\"figure-image\">\n    \n    <img decoding=\"async\" data-src=\"https:\/\/institutodentalinternacional.com\/wp-content\/uploads\/2016\/08\/fotos-equipo-julio-2019_isabel-diez.png\"   class=\"fullwidth lazyload\" src=\"data:image\/svg+xml;base64,PHN2ZyB3aWR0aD0iMSIgaGVpZ2h0PSIxIiB4bWxucz0iaHR0cDovL3d3dy53My5vcmcvMjAwMC9zdmciPjwvc3ZnPg==\" style=\"--smush-placeholder-width: 200px; --smush-placeholder-aspect-ratio: 200\/200;\" \/>    \n            <\/span>\n    \n<\/div><div class=\"titulo-granate element-short-top element-no-bottom\" data-os-animation=\"none\" data-os-animation-delay=\"0s\">\n    <p>Dra. Isabel<br \/>\nD\u00edez Cano<\/p>\n<\/div><div class=\"peque element-no-top element-short-bottom\" data-os-animation=\"none\" data-os-animation-delay=\"0s\">\n    <p><strong>Coordinatrice de la<br \/>\nClinique de Elche<\/strong><br \/>\nDentiste inscrite au Conseil de l&rsquo;ordre \/ 28008670<\/p>\n<\/div><a href=\"\" class=\"btn btn-primary btn-sm popmake-popup-cv-isabel-fr btn-icon-left  element-no-top element-medium-bottom\" target= \"_self\" data-os-animation=\"none\" data-os-animation-delay=\"0s \"  >\n\tVoir CV \t\t\t<span> <i class=\"fa fa-file\"   ><\/i> <\/span>\n\t<\/a>\n<\/div><div class=\"col-md-6     text-center small-screen-default\"  ><div class=\"figure fotos-equipo element-medium-top element-short-bottom image-filter-none image-filter-onhover fade-in text-center figcaption-middle normalwidth\" data-os-animation=\"none\" data-os-animation-delay=\"0s\">\n            <span class=\"figure-image\">\n    \n    <img decoding=\"async\" data-src=\"https:\/\/institutodentalinternacional.com\/wp-content\/uploads\/2016\/08\/fotos-equipo-julio-2019_maria-merono.png\"   class=\"normalwidth lazyload\" src=\"data:image\/svg+xml;base64,PHN2ZyB3aWR0aD0iMSIgaGVpZ2h0PSIxIiB4bWxucz0iaHR0cDovL3d3dy53My5vcmcvMjAwMC9zdmciPjwvc3ZnPg==\" style=\"--smush-placeholder-width: 200px; --smush-placeholder-aspect-ratio: 200\/200;\" \/>    \n            <\/span>\n    \n<\/div><div class=\"titulo-granate element-short-top element-no-bottom\" data-os-animation=\"none\" data-os-animation-delay=\"0s\">\n    <p>Dra. Mar\u00eda<br \/>\nMero\u00f1o Sola<\/p>\n<\/div><div class=\"peque element-no-top element-short-bottom\" data-os-animation=\"none\" data-os-animation-delay=\"0s\">\n    <p><strong>Coordinatrice de la<br \/>\nClinique de San Juan<\/strong><br \/>\nDentiste inscrite au Conseil de l&rsquo;ordre \/ 03003407<\/p>\n<\/div><a href=\"\" class=\"btn btn-primary btn-sm popmake-popup-cv-maria-fr btn-icon-left  element-no-top element-medium-bottom\" target= \"_self\" data-os-animation=\"none\" data-os-animation-delay=\"0s \"  >\n\tVoir CV \t\t\t<span> <i class=\"fa fa-file\"   ><\/i> <\/span>\n\t<\/a>\n<\/div>        <\/div>\n    <\/div>\n<\/section>\n<section class=\"section swatch-bloque-fondo-gris  section-text-no-shadow section-inner-no-shadow section-normal section-opaque\"  data-label=\"\">\n    \n    <div class=\"background-overlay grid-overlay-0 \" style=\"background-color: rgba(182,92,129,0.1);\"><\/div>\n\n    <div class=\"container\">\n        <div class=\"row vertical-top\">\n            <div class=\"col-md-6     text-center small-screen-default\"  ><div class=\"figure fotos-equipo element-medium-top element-short-bottom image-filter-none image-filter-onhover fade-in text-center figcaption-middle normalwidth\" data-os-animation=\"none\" data-os-animation-delay=\"0s\">\n            <span class=\"figure-image\">\n    \n    <img decoding=\"async\" data-src=\"https:\/\/institutodentalinternacional.com\/wp-content\/uploads\/2016\/08\/fotos-equipo-julio-2019_silvia-diez.png\"   class=\"normalwidth lazyload\" src=\"data:image\/svg+xml;base64,PHN2ZyB3aWR0aD0iMSIgaGVpZ2h0PSIxIiB4bWxucz0iaHR0cDovL3d3dy53My5vcmcvMjAwMC9zdmciPjwvc3ZnPg==\" style=\"--smush-placeholder-width: 200px; --smush-placeholder-aspect-ratio: 200\/200;\" \/>    \n            <\/span>\n    \n<\/div><div class=\"titulo-granate element-short-top element-no-bottom\" data-os-animation=\"none\" data-os-animation-delay=\"0s\">\n    <p>Dra. Silvia<br \/>\nD\u00edez Cano<\/p>\n<\/div><div class=\"peque element-no-top element-medium-bottom\" data-os-animation=\"none\" data-os-animation-delay=\"0s\">\n    <p>Dentiste<\/p>\n<\/div><\/div><div class=\"col-md-6     text-center small-screen-default\"  ><div class=\"figure fotos-equipo element-medium-top element-short-bottom image-filter-none image-filter-onhover fade-in text-center figcaption-middle normalwidth\" data-os-animation=\"none\" data-os-animation-delay=\"0s\">\n            <span class=\"figure-image\">\n    \n    <img decoding=\"async\" data-src=\"https:\/\/institutodentalinternacional.com\/wp-content\/uploads\/2016\/08\/fotos-equipo-julio-2019_rocio-ramon.png\"   class=\"normalwidth lazyload\" src=\"data:image\/svg+xml;base64,PHN2ZyB3aWR0aD0iMSIgaGVpZ2h0PSIxIiB4bWxucz0iaHR0cDovL3d3dy53My5vcmcvMjAwMC9zdmciPjwvc3ZnPg==\" style=\"--smush-placeholder-width: 200px; --smush-placeholder-aspect-ratio: 200\/200;\" \/>    \n            <\/span>\n    \n<\/div><div class=\"titulo-granate element-short-top element-no-bottom\" data-os-animation=\"none\" data-os-animation-delay=\"0s\">\n    <p>Dra. Roc\u00edo<br \/>\nRam\u00f3n Herrero<\/p>\n<\/div><div class=\"peque element-no-top element-medium-bottom\" data-os-animation=\"none\" data-os-animation-delay=\"0s\">\n    <p>Dentiste p\u00e9diatrique<\/p>\n<\/div><\/div>        <\/div>\n    <\/div>\n<\/section>\n<section class=\"section swatch-para-fondo-blanco  section-text-no-shadow section-inner-no-shadow section-normal section-opaque\"  data-label=\"\">\n    \n    <div class=\"background-overlay grid-overlay-0 \" style=\"background-color: rgba(0,0,0,0);\"><\/div>\n\n    <div class=\"container\">\n        <div class=\"row vertical-top\">\n            <div class=\"col-md-12     text-center small-screen-default\"  ><header class=\"text-default  element-medium-top element-short-bottom not-condensed\" data-os-animation=\"none\" data-os-animation-delay=\"0s\" >\n    <h2 class=\"normal regular no-bordered-header bordered-normal\" >\n        Equipe auxiliaire et hygi\u00e9nistes buccaux    <\/h2>\n    <\/header>\n<\/div>        <\/div>\n    <\/div>\n<\/section>\n<section class=\"section swatch-para-fondo-blanco  section-text-no-shadow section-inner-no-shadow section-normal section-opaque\"  data-label=\"\">\n    \n    <div class=\"background-overlay grid-overlay-0 \" style=\"background-color: rgba(0,0,0,0);\"><\/div>\n\n    <div class=\"container\">\n        <div class=\"row vertical-top\">\n            <div class=\"col-md-3     text-center small-screen-default\"  ><div class=\"figure fotos-equipo element-medium-top element-short-bottom image-filter-none image-filter-onhover fade-in text-center figcaption-middle normalwidth\" data-os-animation=\"none\" data-os-animation-delay=\"0s\">\n            <span class=\"figure-image\">\n    \n    <img decoding=\"async\" data-src=\"https:\/\/institutodentalinternacional.com\/wp-content\/uploads\/2016\/08\/fotos-equipo-julio-2019_estefania-ruso.png\"   class=\"normalwidth lazyload\" src=\"data:image\/svg+xml;base64,PHN2ZyB3aWR0aD0iMSIgaGVpZ2h0PSIxIiB4bWxucz0iaHR0cDovL3d3dy53My5vcmcvMjAwMC9zdmciPjwvc3ZnPg==\" style=\"--smush-placeholder-width: 200px; --smush-placeholder-aspect-ratio: 200\/200;\" \/>    \n            <\/span>\n    \n<\/div><div class=\"titulo-granate element-short-top element-no-bottom\" data-os-animation=\"none\" data-os-animation-delay=\"0s\">\n    <p><span style=\"font-size: 17px;\">Estefan\u00eda<br \/>\nRuso Agull\u00f3<\/span><\/p>\n<\/div><\/div><div class=\"col-md-3     text-center small-screen-default\"  ><div class=\"figure fotos-equipo element-medium-top element-short-bottom image-filter-none image-filter-onhover fade-in text-center figcaption-middle normalwidth\" data-os-animation=\"none\" data-os-animation-delay=\"0s\">\n            <span class=\"figure-image\">\n    \n    <img decoding=\"async\" data-src=\"https:\/\/institutodentalinternacional.com\/wp-content\/uploads\/2016\/08\/fotos-equipo-julio-2019_miguel-angel-2.png\"   class=\"normalwidth lazyload\" src=\"data:image\/svg+xml;base64,PHN2ZyB3aWR0aD0iMSIgaGVpZ2h0PSIxIiB4bWxucz0iaHR0cDovL3d3dy53My5vcmcvMjAwMC9zdmciPjwvc3ZnPg==\" style=\"--smush-placeholder-width: 200px; --smush-placeholder-aspect-ratio: 200\/200;\" \/>    \n            <\/span>\n    \n<\/div><div class=\"titulo-granate element-short-top element-no-bottom\" data-os-animation=\"none\" data-os-animation-delay=\"0s\">\n    <p><span style=\"font-size: 17px;\">Miguel \u00c1ngel<br \/>\nVila Ca\u00f1as<\/span><\/p>\n<\/div><\/div><div class=\"col-md-3     text-center small-screen-default\"  ><div class=\"figure fotos-equipo element-medium-top element-short-bottom image-filter-none image-filter-onhover fade-in text-center figcaption-middle normalwidth\" data-os-animation=\"none\" data-os-animation-delay=\"0s\">\n            <span class=\"figure-image\">\n    \n    <img decoding=\"async\" data-src=\"https:\/\/institutodentalinternacional.com\/wp-content\/uploads\/2019\/06\/fotos-equipo-julio-2019_fini-del-castillo.png\"   class=\"normalwidth lazyload\" src=\"data:image\/svg+xml;base64,PHN2ZyB3aWR0aD0iMSIgaGVpZ2h0PSIxIiB4bWxucz0iaHR0cDovL3d3dy53My5vcmcvMjAwMC9zdmciPjwvc3ZnPg==\" style=\"--smush-placeholder-width: 200px; --smush-placeholder-aspect-ratio: 200\/200;\" \/>    \n            <\/span>\n    \n<\/div><div class=\"titulo-granate element-short-top element-no-bottom\" data-os-animation=\"none\" data-os-animation-delay=\"0s\">\n    <p><span style=\"font-size: 17px;\">Fini<br \/>\nDel Castillo Cerd\u00e1<br \/>\n<\/span><\/p>\n<\/div><\/div><div class=\"col-md-3     text-center small-screen-default\"  ><div class=\"figure fotos-equipo element-medium-top element-short-bottom image-filter-none image-filter-onhover fade-in text-center figcaption-middle normalwidth\" data-os-animation=\"none\" data-os-animation-delay=\"0s\">\n            <span class=\"figure-image\">\n    \n    <img decoding=\"async\" data-src=\"https:\/\/institutodentalinternacional.com\/wp-content\/uploads\/2019\/10\/fotos-equipo-noviembre-2019_lorena-azorin.png\"   class=\"normalwidth lazyload\" src=\"data:image\/svg+xml;base64,PHN2ZyB3aWR0aD0iMSIgaGVpZ2h0PSIxIiB4bWxucz0iaHR0cDovL3d3dy53My5vcmcvMjAwMC9zdmciPjwvc3ZnPg==\" style=\"--smush-placeholder-width: 200px; --smush-placeholder-aspect-ratio: 200\/200;\" \/>    \n            <\/span>\n    \n<\/div><div class=\"titulo-granate element-short-top element-no-bottom\" data-os-animation=\"none\" data-os-animation-delay=\"0s\">\n    <p><span style=\"font-size: 17px;\">Lorena<br \/>\nAzor\u00edn Mu\u00f1oz<\/span><\/p>\n<\/div><\/div>        <\/div>\n    <\/div>\n<\/section>\n<section class=\"section swatch-para-fondo-blanco  section-text-no-shadow section-inner-no-shadow section-normal section-opaque\"  data-label=\"\">\n    \n    <div class=\"background-overlay grid-overlay-0 \" style=\"background-color: rgba(0,0,0,0);\"><\/div>\n\n    <div class=\"container\">\n        <div class=\"row vertical-top\">\n            <div class=\"col-md-3     text-center small-screen-default\"  ><div class=\"figure fotos-equipo element-medium-top element-short-bottom image-filter-none image-filter-onhover fade-in text-center figcaption-middle normalwidth\" data-os-animation=\"none\" data-os-animation-delay=\"0s\">\n            <span class=\"figure-image\">\n    \n    <img decoding=\"async\" data-src=\"https:\/\/institutodentalinternacional.com\/wp-content\/uploads\/2021\/02\/fotos-equipo-febrero-2021_rocio-lopez.png\"   class=\"normalwidth lazyload\" src=\"data:image\/svg+xml;base64,PHN2ZyB3aWR0aD0iMSIgaGVpZ2h0PSIxIiB4bWxucz0iaHR0cDovL3d3dy53My5vcmcvMjAwMC9zdmciPjwvc3ZnPg==\" style=\"--smush-placeholder-width: 200px; --smush-placeholder-aspect-ratio: 200\/200;\" \/>    \n            <\/span>\n    \n<\/div><div class=\"titulo-granate element-short-top element-no-bottom\" data-os-animation=\"none\" data-os-animation-delay=\"0s\">\n    <p><span style=\"font-size: 17px;\">Roc\u00edo<br \/>\nL\u00f3pez Guzm\u00e1n<\/span><\/p>\n<\/div><\/div><div class=\"col-md-3     text-center small-screen-default\"  ><div class=\"figure fotos-equipo element-medium-top element-short-bottom image-filter-none image-filter-onhover fade-in text-center figcaption-middle normalwidth\" data-os-animation=\"none\" data-os-animation-delay=\"0s\">\n            <span class=\"figure-image\">\n    \n    <img decoding=\"async\" data-src=\"https:\/\/institutodentalinternacional.com\/wp-content\/uploads\/2019\/11\/fotos-equipo-noviembre-2019_Lidia-Asensi-Rosell.png\"   class=\"normalwidth lazyload\" src=\"data:image\/svg+xml;base64,PHN2ZyB3aWR0aD0iMSIgaGVpZ2h0PSIxIiB4bWxucz0iaHR0cDovL3d3dy53My5vcmcvMjAwMC9zdmciPjwvc3ZnPg==\" style=\"--smush-placeholder-width: 200px; --smush-placeholder-aspect-ratio: 200\/200;\" \/>    \n            <\/span>\n    \n<\/div><div class=\"titulo-granate element-short-top element-no-bottom\" data-os-animation=\"none\" data-os-animation-delay=\"0s\">\n    <p><span style=\"font-size: 17px;\">Lidia<br \/>\nAsensi Rosell<\/span><\/p>\n<\/div><\/div><div class=\"col-md-3     text-center small-screen-default\"  ><div class=\"figure fotos-equipo element-medium-top element-short-bottom image-filter-none image-filter-onhover fade-in text-center figcaption-middle normalwidth\" data-os-animation=\"none\" data-os-animation-delay=\"0s\">\n            <span class=\"figure-image\">\n    \n    <img decoding=\"async\" data-src=\"https:\/\/institutodentalinternacional.com\/wp-content\/uploads\/2016\/08\/fotos-equipo-julio-2019_ana-sanchez-1.png\"   class=\"normalwidth lazyload\" src=\"data:image\/svg+xml;base64,PHN2ZyB3aWR0aD0iMSIgaGVpZ2h0PSIxIiB4bWxucz0iaHR0cDovL3d3dy53My5vcmcvMjAwMC9zdmciPjwvc3ZnPg==\" style=\"--smush-placeholder-width: 200px; --smush-placeholder-aspect-ratio: 200\/200;\" \/>    \n            <\/span>\n    \n<\/div><div class=\"titulo-granate element-short-top element-no-bottom\" data-os-animation=\"none\" data-os-animation-delay=\"0s\">\n    <p><span style=\"font-size: 17px;\">Ana<br \/>\nS\u00e1nchez Arenas<\/span><\/p>\n<\/div><\/div><div class=\"col-md-3     text-center small-screen-default\"  ><div class=\"figure fotos-equipo element-medium-top element-short-bottom image-filter-none image-filter-onhover fade-in text-center figcaption-middle normalwidth\" data-os-animation=\"none\" data-os-animation-delay=\"0s\">\n            <span class=\"figure-image\">\n    \n    <img decoding=\"async\" data-src=\"https:\/\/institutodentalinternacional.com\/wp-content\/uploads\/2021\/02\/fotos-equipo-febrero-2021_ainhoa-de-la-ossa.png\"   class=\"normalwidth lazyload\" src=\"data:image\/svg+xml;base64,PHN2ZyB3aWR0aD0iMSIgaGVpZ2h0PSIxIiB4bWxucz0iaHR0cDovL3d3dy53My5vcmcvMjAwMC9zdmciPjwvc3ZnPg==\" style=\"--smush-placeholder-width: 200px; --smush-placeholder-aspect-ratio: 200\/200;\" \/>    \n            <\/span>\n    \n<\/div><div class=\"titulo-granate element-short-top element-no-bottom\" data-os-animation=\"none\" data-os-animation-delay=\"0s\">\n    <p><span style=\"font-size: 17px;\">Ainhoa<br \/>\nde la Ossa Rodr\u00edguez<\/span><\/p>\n<\/div><\/div>        <\/div>\n    <\/div>\n<\/section>\n<section class=\"section swatch-para-fondo-blanco  section-text-no-shadow section-inner-no-shadow section-normal section-opaque\"  data-label=\"\">\n    \n    <div class=\"background-overlay grid-overlay-0 \" style=\"background-color: rgba(0,0,0,0);\"><\/div>\n\n    <div class=\"container\">\n        <div class=\"row vertical-top\">\n            <div class=\"col-md-12     text-center small-screen-default\"  ><header class=\"text-default  element-medium-top element-short-bottom not-condensed\" data-os-animation=\"none\" data-os-animation-delay=\"0s\" >\n    <h2 class=\"normal regular no-bordered-header bordered-normal\" >\n        Administration    <\/h2>\n    <\/header>\n<\/div>        <\/div>\n    <\/div>\n<\/section>\n<section class=\"section swatch-para-fondo-blanco  section-text-no-shadow section-inner-no-shadow section-normal section-opaque\"  data-label=\"\">\n    \n    <div class=\"background-overlay grid-overlay-0 \" style=\"background-color: rgba(0,0,0,0);\"><\/div>\n\n    <div class=\"container\">\n        <div class=\"row vertical-top\">\n            <div class=\"col-md-4     text-center small-screen-default\"  ><div class=\"figure fotos-equipo element-medium-top element-short-bottom image-filter-none image-filter-onhover fade-in text-center figcaption-middle normalwidth\" data-os-animation=\"none\" data-os-animation-delay=\"0s\">\n            <span class=\"figure-image\">\n    \n    <img decoding=\"async\" data-src=\"https:\/\/institutodentalinternacional.com\/wp-content\/uploads\/2016\/08\/fotos-equipo-julio-2019_cristina-martinez.png\"   class=\"normalwidth lazyload\" src=\"data:image\/svg+xml;base64,PHN2ZyB3aWR0aD0iMSIgaGVpZ2h0PSIxIiB4bWxucz0iaHR0cDovL3d3dy53My5vcmcvMjAwMC9zdmciPjwvc3ZnPg==\" style=\"--smush-placeholder-width: 200px; --smush-placeholder-aspect-ratio: 200\/200;\" \/>    \n            <\/span>\n    \n<\/div><div class=\"titulo-granate element-short-top element-no-bottom\" data-os-animation=\"none\" data-os-animation-delay=\"0s\">\n    <p><span style=\"font-size: 17px;\">Cristina<br \/>\nMart\u00ednez Quesada<\/span><\/p>\n<\/div><\/div><div class=\"col-md-4     text-center small-screen-default\"  ><div class=\"figure fotos-equipo element-medium-top element-short-bottom image-filter-none image-filter-onhover fade-in text-center figcaption-middle normalwidth\" data-os-animation=\"none\" data-os-animation-delay=\"0s\">\n            <span class=\"figure-image\">\n    \n    <img decoding=\"async\" data-src=\"https:\/\/institutodentalinternacional.com\/wp-content\/uploads\/2021\/02\/fotos-equipo-febrero-2021_maria-rivera-silvero.png\"   class=\"normalwidth lazyload\" src=\"data:image\/svg+xml;base64,PHN2ZyB3aWR0aD0iMSIgaGVpZ2h0PSIxIiB4bWxucz0iaHR0cDovL3d3dy53My5vcmcvMjAwMC9zdmciPjwvc3ZnPg==\" style=\"--smush-placeholder-width: 200px; --smush-placeholder-aspect-ratio: 200\/200;\" \/>    \n            <\/span>\n    \n<\/div><div class=\"titulo-granate element-short-top element-no-bottom\" data-os-animation=\"none\" data-os-animation-delay=\"0s\">\n    <p><span style=\"font-size: 17px;\">Mar\u00eda<br \/>\nRivera Silvero<\/span><\/p>\n<\/div><\/div><div class=\"col-md-4     text-center small-screen-default\"  ><div class=\"figure fotos-equipo element-medium-top element-short-bottom image-filter-none image-filter-onhover fade-in text-center figcaption-middle normalwidth\" data-os-animation=\"none\" data-os-animation-delay=\"0s\">\n            <span class=\"figure-image\">\n    \n    <img decoding=\"async\" data-src=\"https:\/\/institutodentalinternacional.com\/wp-content\/uploads\/2021\/02\/fotos-equipo-febrero-2021_ylenia-doeijo.png\"   class=\"normalwidth lazyload\" src=\"data:image\/svg+xml;base64,PHN2ZyB3aWR0aD0iMSIgaGVpZ2h0PSIxIiB4bWxucz0iaHR0cDovL3d3dy53My5vcmcvMjAwMC9zdmciPjwvc3ZnPg==\" style=\"--smush-placeholder-width: 200px; --smush-placeholder-aspect-ratio: 200\/200;\" \/>    \n            <\/span>\n    \n<\/div><div class=\"titulo-granate element-short-top element-no-bottom\" data-os-animation=\"none\" data-os-animation-delay=\"0s\">\n    <p><span style=\"font-size: 17px;\">Ylenia<br \/>\nDoeijo Cornejo<\/span><\/p>\n<\/div><\/div>        <\/div>\n    <\/div>\n<\/section>\n<section class=\"section swatch-white  section-text-no-shadow section-inner-no-shadow section-normal section-opaque\"  data-label=\"\">\n    \n    <div class=\"background-overlay grid-overlay-0 \" style=\"background-color: rgba(0,0,0,0);\"><\/div>\n\n    <div class=\"container\">\n        <div class=\"row vertical-top\">\n            <div class=\"col-md-12     text-default small-screen-default\"  ><div class=\"divider-wrapper\" style=\"visibility:hidden;background-color:\">\n    <div class=\"visible-xs\" style=\"height:24px;\"><\/div>\n    <div class=\"visible-sm\" style=\"height:24px;\"><\/div>\n    <div class=\"visible-md\" style=\"height:24px;\"><\/div>\n    <div class=\"visible-lg\" style=\"height:24px;\"><\/div>\n<\/div><\/div>        <\/div>\n    <\/div>\n<\/section>\n<section class=\"section swatch-sobre-menu  section-text-no-shadow section-inner-no-shadow section-normal section-opaque\"  data-label=\"\">\n            <div class=\"background-media lazyload\" style=\"background-image:inherit; background-repeat:no-repeat; background-size:cover; background-attachment:no-scroll; background-position: 50% 0%;\" data-start=\"background-position: 50% -468px\" data-70-top-bottom=\"background-position: 50% -128px\" data-bg-image=\"url(&#039;https:\/\/institutodentalinternacional.com\/wp-content\/uploads\/2016\/08\/ELCHE_clinica.jpg&#039;)\">\n                    <\/div>\n    \n    <div class=\"background-overlay grid-overlay-60 \" style=\"background-color: rgba(102,102,102,0.5);\"><\/div>\n\n    <div class=\"container\">\n        <div class=\"row vertical-top\">\n            <div class=\"col-md-12     text-default small-screen-default\"  ><header class=\"text-center  element-medium-top element-short-bottom not-condensed\" data-os-animation=\"none\" data-os-animation-delay=\"0s\" >\n    <h1 class=\"normal regular no-bordered-header bordered-normal\" >\n        A IDI nous vous offrons\u2026    <\/h1>\n    <\/header>\n<div class=\"row \"><div class=\"col-md-3     text-left small-screen-default\"  ><p class=\"lead text-left left titulo-mediano element-short-top element-short-bottom\" data-os-animation=\"none\" data-os-animation-delay=\"0s\">LES MEILLEURES<br \/>\nMARQUES<\/p><div class=\"texto-explicativo element-no-top element-short-bottom\" data-os-animation=\"none\" data-os-animation-delay=\"0s\">\n    <p>Nous nous engageons \u00e0 n&rsquo;utiliser que des mat\u00e9riaux et proc\u00e9d\u00e9s cliniques de premi\u00e8re qualit\u00e9 et avec de performances garanties.<\/p>\n<\/div><\/div><div class=\"col-md-3     text-default small-screen-default\"  ><p class=\"lead text-left left titulo-mediano element-short-top element-short-bottom\" data-os-animation=\"none\" data-os-animation-delay=\"0s\">TECHNOLOGIE<br \/>\nET INNOVATION<\/p><div class=\"texto-explicativo element-no-top element-short-bottom\" data-os-animation=\"none\" data-os-animation-delay=\"0s\">\n    <p>Nous sommes \u00e0 l&rsquo;avant-garde en odontologie et offrons des traitements complets suivant les derni\u00e8res avanc\u00e9es du secteur.<\/p>\n<\/div><\/div><div class=\"col-md-3     text-default small-screen-default\"  ><p class=\"lead text-left left titulo-mediano element-short-top element-short-bottom\" data-os-animation=\"none\" data-os-animation-delay=\"0s\">LES MEILLEURS PROFESSIONNELS<\/p><div class=\"texto-explicativo element-no-top element-short-bottom\" data-os-animation=\"none\" data-os-animation-delay=\"0s\">\n    <p>Nous d\u00e9dions une attention exclusive et personnalis\u00e9e pour chaque cas, apportant ainsi des traitements sur mesure.<\/p>\n<\/div><\/div><div class=\"col-md-3     text-default small-screen-default\"  ><p class=\"lead text-left left titulo-mediano element-short-top element-short-bottom\" data-os-animation=\"none\" data-os-animation-delay=\"0s\">SATISFACTION GARANTIE<\/p><div class=\"texto-explicativo element-no-top element-short-bottom\" data-os-animation=\"none\" data-os-animation-delay=\"0s\">\n    <p>L&rsquo;experience, la profesionnalit\u00e9 et l&rsquo;esprit d&rsquo;innovation garantissent la qualit\u00e9 et l&rsquo;efficacit\u00e9 des traitements offerts.<\/p>\n<\/div><\/div><\/div><div class=\"divider-wrapper\" style=\"visibility:hidden;background-color:\">\n    <div class=\"visible-xs\" style=\"height:24px;\"><\/div>\n    <div class=\"visible-sm\" style=\"height:24px;\"><\/div>\n    <div class=\"visible-md\" style=\"height:48px;\"><\/div>\n    <div class=\"visible-lg\" style=\"height:48px;\"><\/div>\n<\/div><\/div>        <\/div>\n    <\/div>\n<\/section>\n<section class=\"section swatch-white galeria-supsystic section-text-no-shadow section-inner-no-shadow section-normal section-opaque\"  data-label=\"\">\n    \n    <div class=\"background-overlay grid-overlay-0 \" style=\"background-color: rgba(0,0,0,0);\"><\/div>\n\n    <div class=\"container-fullwidth\">\n        <div class=\"row vertical-top\">\n            <div class=\"col-md-12     text-default small-screen-default\"  ><div class=\" element-no-top element-no-bottom os-animation\" data-os-animation=\"fadeInUp\" data-os-animation-delay=\"0s\">\n    <div id=\"grid-gallery-2-20059\" data-gg-id=\"2\" data-title=\"lasClinicas\" data-grid-type=\"3\" data-offset=\"5.3\" data-area-position=\"center\" data-icons=\"\" data-preloader=\"true\" data-width=\"400\" data-height=\"300\" data-padding=\"0\" data-quicksand=\"disabled\" data-quicksand-duration=\"none\" data-popup-theme=\"theme_7\" data-popup-type=\"colorbox\" data-popup-fadeOut=\"300\" data-columns-number=\"4\" data-popup-captions=\"hide\" data-popup-image-text=\"data-description\" data-popup-widthsize=\"auto\" data-popup-heightsize=\"auto\" data-popup-i18n-words=\"{&quot;close&quot;:&quot;fermer&quot;,&quot;next&quot;:&quot;suivant&quot;,&quot;previous&quot;:&quot;pr\\u00e9c\\u00e9dent&quot;,&quot;start_slideshow&quot;:&quot;d\\u00e9marrer le diaporama&quot;,&quot;stop_slideshow&quot;:&quot;arr\\u00e9ter le diaporama&quot;,&quot;image&quot;:&quot;image&quot;,&quot;of&quot;:&quot;de&quot;,&quot;prev&quot;:&quot;pr\\u00e9c.&quot;,&quot;cExpand&quot;:&quot;Agrandir&quot;,&quot;cPrevious&quot;:&quot;Pr\\u00e9c\\u00e9dent&quot;,&quot;cNext&quot;:&quot;Suivant&quot;,&quot;cExpandStr&quot;:&quot;Agrandir l&#039;image&quot;,&quot;cRotate&quot;:&quot;Pivoter&quot;,&quot;cDetails&quot;:&quot;Details&quot;}\" data-popup-slideshow=\"false\" data-popup-slideshow-speed=\"2500\" data-popup-hoverstop=\"true\" data-popup-slideshow-auto=\"false\" data-popup-background=\"\" data-popup-transparency=\"30\" data-popup-disable-history=\"\" data-popup-disable-changed-url=\"\" data-popup-border-type=\"solid\" data-popup-border-color=\"\" data-popup-border-width=\"\" data-popup-border-enable=\"\" data-fullscreen=\"true\" data-hide-tooltip=\"false\" data-caption-font-family=\"Default\" data-caption-text-size=\"140\" data-is-mobile=\"0\" data-caption-mobile=\"false\" data-hide-long-tltp-title=\"0\" data-caption-disabled-on-mobile=\"false\" data-responsive-colums=\"{&quot;desktop&quot;:{&quot;width&quot;:&quot;1200&quot;,&quot;columns&quot;:&quot;4&quot;},&quot;tablet&quot;:{&quot;width&quot;:&quot;768&quot;,&quot;columns&quot;:&quot;2&quot;},&quot;mobile&quot;:{&quot;width&quot;:&quot;320&quot;,&quot;columns&quot;:&quot;2&quot;}}\" data-popup-placement-type=\"2\" data-social-sharing=\"{&quot;enabled&quot;:&quot;&quot;,&quot;gallerySharing&quot;:{&quot;enabled&quot;:null,&quot;position&quot;:null},&quot;imageSharing&quot;:{&quot;enabled&quot;:null,&quot;wrapperClass&quot;:&quot; vertical &quot;},&quot;popupSharing&quot;:{&quot;enabled&quot;:null,&quot;wrapperClass&quot;:&quot; vertical &quot;}}\" class=\"grid-gallery grid-gallery-fixed \" style=\" width:100%; height:auto; margin-left:auto; margin-right:auto;position:relative;\"> <div class=\"gallery-loading\"> <div class=\"blocks\"> <div class=\"block\"><\/div> <div class=\"block\"><\/div> <div class=\"block\"><\/div> <div class=\"block\"><\/div> <\/div> <\/div> <div class=\"gallery-sharing-top\" style=\"display:none;\"> <\/div> <div id=\"photos-2\" class=\"grid-gallery-photos\"><FIGURE class=\"grid-gallery-caption\" data-grid-gallery-type=\"quarter-slide-up\" data-index=\"0\" style=\"display:none;border-radius:00;; margin:5.3px; width:4000;\" ><div class=\"crop\" style=\" width:4000; height:3000; overflow:hidden;\"><img decoding=\"async\" data-src=\"https:\/\/institutodentalinternacional.com\/wp-content\/uploads\/2016\/08\/ELCHE_IDI_K8B6399-400x300.jpg\" class=\"ggImg ggNotInitImg lazyload\" alt=\"ELCHE_IDI_K8B6399\" data-description=\"ELCHE_IDI_K8B6399\" data-caption=\"ELCHE_IDI_K8B6399\" data-title=\"ELCHE_IDI_K8B6399\" style=\"--smush-placeholder-width: 400px; --smush-placeholder-aspect-ratio: 400\/300;width:400px; height:300px;\" src=\"data:image\/svg+xml;base64,PHN2ZyB3aWR0aD0iMSIgaGVpZ2h0PSIxIiB4bWxucz0iaHR0cDovL3d3dy53My5vcmcvMjAwMC9zdmciPjwvc3ZnPg==\" \/><\/div><FIGCAPTION class=\"\" data-alpha=\"5\" style=\"color:#ffffff; background-color:#6f0000; font-size:140; text-align:left; font-family:Default;\" ><div class=\"grid-gallery-figcaption-wrap\" style=\"\"><\/div><\/FIGCAPTION><\/FIGURE><FIGURE class=\"grid-gallery-caption\" data-grid-gallery-type=\"quarter-slide-up\" data-index=\"1\" style=\"display:none;border-radius:00;; margin:5.3px; width:4000;\" ><div class=\"crop\" style=\" width:4000; height:3000; overflow:hidden;\"><img decoding=\"async\" data-src=\"https:\/\/institutodentalinternacional.com\/wp-content\/uploads\/2016\/08\/ELCHE_IDI_K8B6431-400x300.jpg\" class=\"ggImg ggNotInitImg lazyload\" alt=\"ELCHE_IDI_K8B6431\" data-description=\"ELCHE_IDI_K8B6431\" data-caption=\"ELCHE_IDI_K8B6431\" data-title=\"ELCHE_IDI_K8B6431\" style=\"--smush-placeholder-width: 400px; --smush-placeholder-aspect-ratio: 400\/300;width:400px; height:300px;\" src=\"data:image\/svg+xml;base64,PHN2ZyB3aWR0aD0iMSIgaGVpZ2h0PSIxIiB4bWxucz0iaHR0cDovL3d3dy53My5vcmcvMjAwMC9zdmciPjwvc3ZnPg==\" \/><\/div><FIGCAPTION class=\"\" data-alpha=\"5\" style=\"color:#ffffff; background-color:#6f0000; font-size:140; text-align:left; font-family:Default;\" ><div class=\"grid-gallery-figcaption-wrap\" style=\"\"><\/div><\/FIGCAPTION><\/FIGURE><FIGURE class=\"grid-gallery-caption\" data-grid-gallery-type=\"quarter-slide-up\" data-index=\"2\" style=\"display:none;border-radius:00;; margin:5.3px; width:4000;\" ><div class=\"crop\" style=\" width:4000; height:3000; overflow:hidden;\"><img decoding=\"async\" data-src=\"https:\/\/institutodentalinternacional.com\/wp-content\/uploads\/2016\/08\/ELCHE_clinica-400x300.jpg\" class=\"ggImg ggNotInitImg lazyload\" alt=\"ELCHE_clinica\" data-description=\"ELCHE_clinica\" data-caption=\"ELCHE_clinica\" data-title=\"ELCHE_clinica\" style=\"--smush-placeholder-width: 400px; --smush-placeholder-aspect-ratio: 400\/300;width:400px; height:300px;\" src=\"data:image\/svg+xml;base64,PHN2ZyB3aWR0aD0iMSIgaGVpZ2h0PSIxIiB4bWxucz0iaHR0cDovL3d3dy53My5vcmcvMjAwMC9zdmciPjwvc3ZnPg==\" \/><\/div><FIGCAPTION class=\"\" data-alpha=\"5\" style=\"color:#ffffff; background-color:#6f0000; font-size:140; text-align:left; font-family:Default;\" ><div class=\"grid-gallery-figcaption-wrap\" style=\"\"><\/div><\/FIGCAPTION><\/FIGURE><FIGURE class=\"grid-gallery-caption\" data-grid-gallery-type=\"quarter-slide-up\" data-index=\"3\" style=\"display:none;border-radius:00;; margin:5.3px; width:4000;\" ><div class=\"crop\" style=\" width:4000; height:3000; overflow:hidden;\"><img decoding=\"async\" data-src=\"https:\/\/institutodentalinternacional.com\/wp-content\/uploads\/2016\/08\/ELCHE_IDI_K8B1898-400x300.jpg\" class=\"ggImg ggNotInitImg lazyload\" alt=\"ELCHE_IDI_K8B1898\" data-description=\"ELCHE_IDI_K8B1898\" data-caption=\"ELCHE_IDI_K8B1898\" data-title=\"ELCHE_IDI_K8B1898\" style=\"--smush-placeholder-width: 400px; --smush-placeholder-aspect-ratio: 400\/300;width:400px; height:300px;\" src=\"data:image\/svg+xml;base64,PHN2ZyB3aWR0aD0iMSIgaGVpZ2h0PSIxIiB4bWxucz0iaHR0cDovL3d3dy53My5vcmcvMjAwMC9zdmciPjwvc3ZnPg==\" \/><\/div><FIGCAPTION class=\"\" data-alpha=\"5\" style=\"color:#ffffff; background-color:#6f0000; font-size:140; text-align:left; font-family:Default;\" ><div class=\"grid-gallery-figcaption-wrap\" style=\"\"><\/div><\/FIGCAPTION><\/FIGURE><FIGURE class=\"grid-gallery-caption\" data-grid-gallery-type=\"quarter-slide-up\" data-index=\"4\" style=\"display:none;border-radius:00;; margin:5.3px; width:4000;\" ><div class=\"crop\" style=\" width:4000; height:3000; overflow:hidden;\"><img decoding=\"async\" data-src=\"https:\/\/institutodentalinternacional.com\/wp-content\/uploads\/2016\/08\/ELCHE_IDI_K8B6456-400x300.jpg\" class=\"ggImg ggNotInitImg lazyload\" alt=\"ELCHE_IDI_K8B6456\" data-description=\"ELCHE_IDI_K8B6456\" data-caption=\"ELCHE_IDI_K8B6456\" data-title=\"ELCHE_IDI_K8B6456\" style=\"--smush-placeholder-width: 400px; --smush-placeholder-aspect-ratio: 400\/300;width:400px; height:300px;\" src=\"data:image\/svg+xml;base64,PHN2ZyB3aWR0aD0iMSIgaGVpZ2h0PSIxIiB4bWxucz0iaHR0cDovL3d3dy53My5vcmcvMjAwMC9zdmciPjwvc3ZnPg==\" \/><\/div><FIGCAPTION class=\"\" data-alpha=\"5\" style=\"color:#ffffff; background-color:#6f0000; font-size:140; text-align:left; font-family:Default;\" ><div class=\"grid-gallery-figcaption-wrap\" style=\"\"><\/div><\/FIGCAPTION><\/FIGURE><FIGURE class=\"grid-gallery-caption\" data-grid-gallery-type=\"quarter-slide-up\" data-index=\"5\" style=\"display:none;border-radius:00;; margin:5.3px; width:4000;\" ><div class=\"crop\" style=\" width:4000; height:3000; overflow:hidden;\"><img decoding=\"async\" data-src=\"https:\/\/institutodentalinternacional.com\/wp-content\/uploads\/2016\/08\/sala-infantil-elche_DSC0215-2-400x300.jpg\" class=\"ggImg ggNotInitImg lazyload\" alt=\"sala-infantil-elche_DSC0215 (2)\" data-description=\"sala-infantil-elche_DSC0215 (2)\" data-caption=\"sala-infantil-elche_DSC0215 (2)\" data-title=\"sala-infantil-elche_DSC0215 (2)\" style=\"--smush-placeholder-width: 400px; --smush-placeholder-aspect-ratio: 400\/300;width:400px; height:300px;\" src=\"data:image\/svg+xml;base64,PHN2ZyB3aWR0aD0iMSIgaGVpZ2h0PSIxIiB4bWxucz0iaHR0cDovL3d3dy53My5vcmcvMjAwMC9zdmciPjwvc3ZnPg==\" \/><\/div><FIGCAPTION class=\"\" data-alpha=\"5\" style=\"color:#ffffff; background-color:#6f0000; font-size:140; text-align:left; font-family:Default;\" ><div class=\"grid-gallery-figcaption-wrap\" style=\"\"><\/div><\/FIGCAPTION><\/FIGURE><FIGURE class=\"grid-gallery-caption\" data-grid-gallery-type=\"quarter-slide-up\" data-index=\"6\" style=\"display:none;border-radius:00;; margin:5.3px; width:4000;\" ><div class=\"crop\" style=\" width:4000; height:3000; overflow:hidden;\"><img decoding=\"async\" data-src=\"https:\/\/institutodentalinternacional.com\/wp-content\/uploads\/2016\/08\/ELCHE_IDI_K8B6377-400x300.jpg\" class=\"ggImg ggNotInitImg lazyload\" alt=\"ELCHE_IDI_K8B6377\" data-description=\"ELCHE_IDI_K8B6377\" data-caption=\"ELCHE_IDI_K8B6377\" data-title=\"ELCHE_IDI_K8B6377\" style=\"--smush-placeholder-width: 400px; --smush-placeholder-aspect-ratio: 400\/300;width:400px; height:300px;\" src=\"data:image\/svg+xml;base64,PHN2ZyB3aWR0aD0iMSIgaGVpZ2h0PSIxIiB4bWxucz0iaHR0cDovL3d3dy53My5vcmcvMjAwMC9zdmciPjwvc3ZnPg==\" \/><\/div><FIGCAPTION class=\"\" data-alpha=\"5\" style=\"color:#ffffff; background-color:#6f0000; font-size:140; text-align:left; font-family:Default;\" ><div class=\"grid-gallery-figcaption-wrap\" style=\"\"><\/div><\/FIGCAPTION><\/FIGURE><FIGURE class=\"grid-gallery-caption\" data-grid-gallery-type=\"quarter-slide-up\" data-index=\"7\" style=\"display:none;border-radius:00;; margin:5.3px; width:4000;\" ><div class=\"crop\" style=\" width:4000; height:3000; overflow:hidden;\"><img decoding=\"async\" data-src=\"https:\/\/institutodentalinternacional.com\/wp-content\/uploads\/2016\/08\/sala-infantil-elche_DSC0101-400x300.jpg\" class=\"ggImg ggNotInitImg lazyload\" alt=\"sala-infantil-elche_DSC0101\" data-description=\"sala-infantil-elche_DSC0101\" data-caption=\"sala-infantil-elche_DSC0101\" data-title=\"sala-infantil-elche_DSC0101\" style=\"--smush-placeholder-width: 400px; --smush-placeholder-aspect-ratio: 400\/300;width:400px; height:300px;\" src=\"data:image\/svg+xml;base64,PHN2ZyB3aWR0aD0iMSIgaGVpZ2h0PSIxIiB4bWxucz0iaHR0cDovL3d3dy53My5vcmcvMjAwMC9zdmciPjwvc3ZnPg==\" \/><\/div><FIGCAPTION class=\"\" data-alpha=\"5\" style=\"color:#ffffff; background-color:#6f0000; font-size:140; text-align:left; font-family:Default;\" ><div class=\"grid-gallery-figcaption-wrap\" style=\"\"><\/div><\/FIGCAPTION><\/FIGURE><FIGURE class=\"grid-gallery-caption\" data-grid-gallery-type=\"quarter-slide-up\" data-index=\"8\" style=\"display:none;border-radius:00;; margin:5.3px; width:4000;\" ><div class=\"crop\" style=\" width:4000; height:3000; overflow:hidden;\"><img decoding=\"async\" data-src=\"https:\/\/institutodentalinternacional.com\/wp-content\/uploads\/2016\/08\/ELCHE_IDI_K8B1940-400x300.jpg\" class=\"ggImg ggNotInitImg lazyload\" alt=\"ELCHE_IDI_K8B1940\" data-description=\"ELCHE_IDI_K8B1940\" data-caption=\"ELCHE_IDI_K8B1940\" data-title=\"ELCHE_IDI_K8B1940\" style=\"--smush-placeholder-width: 400px; --smush-placeholder-aspect-ratio: 400\/300;width:400px; height:300px;\" src=\"data:image\/svg+xml;base64,PHN2ZyB3aWR0aD0iMSIgaGVpZ2h0PSIxIiB4bWxucz0iaHR0cDovL3d3dy53My5vcmcvMjAwMC9zdmciPjwvc3ZnPg==\" \/><\/div><FIGCAPTION class=\"\" data-alpha=\"5\" style=\"color:#ffffff; background-color:#6f0000; font-size:140; text-align:left; font-family:Default;\" ><div class=\"grid-gallery-figcaption-wrap\" style=\"\"><\/div><\/FIGCAPTION><\/FIGURE><FIGURE class=\"grid-gallery-caption\" data-grid-gallery-type=\"quarter-slide-up\" data-index=\"9\" style=\"display:none;border-radius:00;; margin:5.3px; width:4000;\" ><div class=\"crop\" style=\" width:4000; height:3000; overflow:hidden;\"><img decoding=\"async\" data-src=\"https:\/\/institutodentalinternacional.com\/wp-content\/uploads\/2016\/08\/ELCHE_IDI_K8B1889-400x300.jpg\" class=\"ggImg ggNotInitImg lazyload\" alt=\"ELCHE_IDI_K8B1889\" data-description=\"ELCHE_IDI_K8B1889\" data-caption=\"ELCHE_IDI_K8B1889\" data-title=\"ELCHE_IDI_K8B1889\" style=\"--smush-placeholder-width: 400px; --smush-placeholder-aspect-ratio: 400\/300;width:400px; height:300px;\" src=\"data:image\/svg+xml;base64,PHN2ZyB3aWR0aD0iMSIgaGVpZ2h0PSIxIiB4bWxucz0iaHR0cDovL3d3dy53My5vcmcvMjAwMC9zdmciPjwvc3ZnPg==\" \/><\/div><FIGCAPTION class=\"\" data-alpha=\"5\" style=\"color:#ffffff; background-color:#6f0000; font-size:140; text-align:left; font-family:Default;\" ><div class=\"grid-gallery-figcaption-wrap\" style=\"\"><\/div><\/FIGCAPTION><\/FIGURE><FIGURE class=\"grid-gallery-caption\" data-grid-gallery-type=\"quarter-slide-up\" data-index=\"10\" style=\"display:none;border-radius:00;; margin:5.3px; width:4000;\" ><div class=\"crop\" style=\" width:4000; height:3000; overflow:hidden;\"><img decoding=\"async\" data-src=\"https:\/\/institutodentalinternacional.com\/wp-content\/uploads\/2016\/08\/ELCHE_IDI_K8B1882-400x300.jpg\" class=\"ggImg ggNotInitImg lazyload\" alt=\"ELCHE_IDI_K8B1882\" data-description=\"ELCHE_IDI_K8B1882\" data-caption=\"ELCHE_IDI_K8B1882\" data-title=\"ELCHE_IDI_K8B1882\" style=\"--smush-placeholder-width: 400px; --smush-placeholder-aspect-ratio: 400\/300;width:400px; height:300px;\" src=\"data:image\/svg+xml;base64,PHN2ZyB3aWR0aD0iMSIgaGVpZ2h0PSIxIiB4bWxucz0iaHR0cDovL3d3dy53My5vcmcvMjAwMC9zdmciPjwvc3ZnPg==\" \/><\/div><FIGCAPTION class=\"\" data-alpha=\"5\" style=\"color:#ffffff; background-color:#6f0000; font-size:140; text-align:left; font-family:Default;\" ><div class=\"grid-gallery-figcaption-wrap\" style=\"\"><\/div><\/FIGCAPTION><\/FIGURE><FIGURE class=\"grid-gallery-caption\" data-grid-gallery-type=\"quarter-slide-up\" data-index=\"11\" style=\"display:none;border-radius:00;; margin:5.3px; width:4000;\" ><div class=\"crop\" style=\" width:4000; height:3000; overflow:hidden;\"><img decoding=\"async\" data-src=\"https:\/\/institutodentalinternacional.com\/wp-content\/uploads\/2016\/08\/ELCHE_IDI_K8B1866-400x300.jpg\" class=\"ggImg ggNotInitImg lazyload\" alt=\"ELCHE_IDI_K8B1866\" data-description=\"ELCHE_IDI_K8B1866\" data-caption=\"ELCHE_IDI_K8B1866\" data-title=\"ELCHE_IDI_K8B1866\" style=\"--smush-placeholder-width: 400px; --smush-placeholder-aspect-ratio: 400\/300;width:400px; height:300px;\" src=\"data:image\/svg+xml;base64,PHN2ZyB3aWR0aD0iMSIgaGVpZ2h0PSIxIiB4bWxucz0iaHR0cDovL3d3dy53My5vcmcvMjAwMC9zdmciPjwvc3ZnPg==\" \/><\/div><FIGCAPTION class=\"\" data-alpha=\"5\" style=\"color:#ffffff; background-color:#6f0000; font-size:140; text-align:left; font-family:Default;\" ><div class=\"grid-gallery-figcaption-wrap\" style=\"\"><\/div><\/FIGCAPTION><\/FIGURE><FIGURE class=\"grid-gallery-caption\" data-grid-gallery-type=\"quarter-slide-up\" data-index=\"12\" style=\"display:none;border-radius:00;; margin:5.3px; width:4000;\" ><div class=\"crop\" style=\" width:4000; height:3000; overflow:hidden;\"><img decoding=\"async\" data-src=\"https:\/\/institutodentalinternacional.com\/wp-content\/uploads\/2019\/05\/Clinica-Alicante-Copia-de-IDI-542-400x300.jpg\" class=\"ggImg ggNotInitImg lazyload\" alt=\"Clinica-Alicante-Copia de IDI-542\" data-description=\"Clinica-Alicante-Copia de IDI-542\" data-caption=\"Clinica-Alicante-Copia de IDI-542\" data-title=\"Clinica-Alicante-Copia de IDI-542\" style=\"--smush-placeholder-width: 400px; --smush-placeholder-aspect-ratio: 400\/300;width:400px; height:300px;\" src=\"data:image\/svg+xml;base64,PHN2ZyB3aWR0aD0iMSIgaGVpZ2h0PSIxIiB4bWxucz0iaHR0cDovL3d3dy53My5vcmcvMjAwMC9zdmciPjwvc3ZnPg==\" \/><\/div><FIGCAPTION class=\"\" data-alpha=\"5\" style=\"color:#ffffff; background-color:#6f0000; font-size:140; text-align:left; font-family:Default;\" ><div class=\"grid-gallery-figcaption-wrap\" style=\"\"><\/div><\/FIGCAPTION><\/FIGURE><FIGURE class=\"grid-gallery-caption\" data-grid-gallery-type=\"quarter-slide-up\" data-index=\"13\" style=\"display:none;border-radius:00;; margin:5.3px; width:4000;\" ><div class=\"crop\" style=\" width:4000; height:3000; overflow:hidden;\"><img decoding=\"async\" data-src=\"https:\/\/institutodentalinternacional.com\/wp-content\/uploads\/2019\/05\/Clinica-Alicante-Copia-de-IDI-550-400x300.jpg\" class=\"ggImg ggNotInitImg lazyload\" alt=\"Clinica-Alicante-Copia de IDI-550\" data-description=\"Clinica-Alicante-Copia de IDI-550\" data-caption=\"Clinica-Alicante-Copia de IDI-550\" data-title=\"Clinica-Alicante-Copia de IDI-550\" style=\"--smush-placeholder-width: 400px; --smush-placeholder-aspect-ratio: 400\/300;width:400px; height:300px;\" src=\"data:image\/svg+xml;base64,PHN2ZyB3aWR0aD0iMSIgaGVpZ2h0PSIxIiB4bWxucz0iaHR0cDovL3d3dy53My5vcmcvMjAwMC9zdmciPjwvc3ZnPg==\" \/><\/div><FIGCAPTION class=\"\" data-alpha=\"5\" style=\"color:#ffffff; background-color:#6f0000; font-size:140; text-align:left; font-family:Default;\" ><div class=\"grid-gallery-figcaption-wrap\" style=\"\"><\/div><\/FIGCAPTION><\/FIGURE><FIGURE class=\"grid-gallery-caption\" data-grid-gallery-type=\"quarter-slide-up\" data-index=\"14\" style=\"display:none;border-radius:00;; margin:5.3px; width:4000;\" ><div class=\"crop\" style=\" width:4000; height:3000; overflow:hidden;\"><img decoding=\"async\" data-src=\"https:\/\/institutodentalinternacional.com\/wp-content\/uploads\/2019\/05\/Clinica-Alicante-Copia-de-IDI-559-400x300.jpg\" class=\"ggImg ggNotInitImg lazyload\" alt=\"Clinica-Alicante-Copia de IDI-559\" data-description=\"Clinica-Alicante-Copia de IDI-559\" data-caption=\"Clinica-Alicante-Copia de IDI-559\" data-title=\"Clinica-Alicante-Copia de IDI-559\" style=\"--smush-placeholder-width: 400px; --smush-placeholder-aspect-ratio: 400\/300;width:400px; height:300px;\" src=\"data:image\/svg+xml;base64,PHN2ZyB3aWR0aD0iMSIgaGVpZ2h0PSIxIiB4bWxucz0iaHR0cDovL3d3dy53My5vcmcvMjAwMC9zdmciPjwvc3ZnPg==\" \/><\/div><FIGCAPTION class=\"\" data-alpha=\"5\" style=\"color:#ffffff; background-color:#6f0000; font-size:140; text-align:left; font-family:Default;\" ><div class=\"grid-gallery-figcaption-wrap\" style=\"\"><\/div><\/FIGCAPTION><\/FIGURE><FIGURE class=\"grid-gallery-caption\" data-grid-gallery-type=\"quarter-slide-up\" data-index=\"15\" style=\"display:none;border-radius:00;; margin:5.3px; width:4000;\" ><div class=\"crop\" style=\" width:4000; height:3000; overflow:hidden;\"><img decoding=\"async\" data-src=\"https:\/\/institutodentalinternacional.com\/wp-content\/uploads\/2019\/05\/Clinica-Alicante-IDI-530-400x300.jpg\" class=\"ggImg ggNotInitImg lazyload\" alt=\"Clinica-Alicante-IDI-530\" data-description=\"Clinica-Alicante-IDI-530\" data-caption=\"Clinica-Alicante-IDI-530\" data-title=\"Clinica-Alicante-IDI-530\" style=\"--smush-placeholder-width: 400px; --smush-placeholder-aspect-ratio: 400\/300;width:400px; height:300px;\" src=\"data:image\/svg+xml;base64,PHN2ZyB3aWR0aD0iMSIgaGVpZ2h0PSIxIiB4bWxucz0iaHR0cDovL3d3dy53My5vcmcvMjAwMC9zdmciPjwvc3ZnPg==\" \/><\/div><FIGCAPTION class=\"\" data-alpha=\"5\" style=\"color:#ffffff; background-color:#6f0000; font-size:140; text-align:left; font-family:Default;\" ><div class=\"grid-gallery-figcaption-wrap\" style=\"\"><\/div><\/FIGCAPTION><\/FIGURE> <div class=\"grid-gallery-clearfix\"><\/div> <\/div> <div class=\"gallery-sharing-bottom\" style=\"display:none;\"> <\/div> <div class=\"gallery-sharing-image\" style=\"display:none;\"> <\/div> <div class=\"gallery-sharing-popup\" style=\"display:none;\"> <\/div> <div class=\"grid-gallery-clearfix\"><\/div> <\/div> <!-- Gallery by Supsystic plugin1.16.0 --><a title=\"WordPress Gallery Plugin\" style=\"display:none;\" href=\"https:\/\/supsystic.com\/plugins\/photo-gallery\/?utm_medium=love_link\" target=\"_blank\">WordPress Gallery Plugin<\/a><\/p>\n<\/div><\/div>        <\/div>\n    <\/div>\n<\/section>\n\n","protected":false},"excerpt":{"rendered":"Professionnels sp\u00e9cialis\u00e9spour apporter les meilleures solutions Notre equipe Nos dentistes et notre personnel auxiliaire seront toujours pr\u00eats et dispos\u00e9s \u00e0 satisfaire vos requ\u00eates et besoins, et nos techniciens de laboratoire, m\u00e9ticuleusement s\u00e9lectionn\u00e9s utiliseront toute leur dext\u00e9rit\u00e9 pour recr\u00e9er le sourire de vos r\u00eaves. Dr. H\u00e9ctor Tafalla Pastor Directeur M\u00e9dical IDI Dentiste inscrit au Conseil de","protected":false},"author":4,"featured_media":0,"parent":0,"menu_order":0,"comment_status":"closed","ping_status":"closed","template":"","meta":{"footnotes":""},"class_list":["post-2194","page","type-page","status-publish","hentry"],"_links":{"self":[{"href":"https:\/\/institutodentalinternacional.com\/fr\/wp-json\/wp\/v2\/pages\/2194","targetHints":{"allow":["GET"]}}],"collection":[{"href":"https:\/\/institutodentalinternacional.com\/fr\/wp-json\/wp\/v2\/pages"}],"about":[{"href":"https:\/\/institutodentalinternacional.com\/fr\/wp-json\/wp\/v2\/types\/page"}],"author":[{"embeddable":true,"href":"https:\/\/institutodentalinternacional.com\/fr\/wp-json\/wp\/v2\/users\/4"}],"replies":[{"embeddable":true,"href":"https:\/\/institutodentalinternacional.com\/fr\/wp-json\/wp\/v2\/comments?post=2194"}],"version-history":[{"count":52,"href":"https:\/\/institutodentalinternacional.com\/fr\/wp-json\/wp\/v2\/pages\/2194\/revisions"}],"predecessor-version":[{"id":3851,"href":"https:\/\/institutodentalinternacional.com\/fr\/wp-json\/wp\/v2\/pages\/2194\/revisions\/3851"}],"wp:attachment":[{"href":"https:\/\/institutodentalinternacional.com\/fr\/wp-json\/wp\/v2\/media?parent=2194"}],"curies":[{"name":"wp","href":"https:\/\/api.w.org\/{rel}","templated":true}]}}